{"id":391,"date":"2021-10-19T13:53:07","date_gmt":"2021-10-19T11:53:07","guid":{"rendered":"https:\/\/steanne-stpierre-portlouis.bzh\/college-saint-pierre\/?page_id=391"},"modified":"2025-12-02T09:21:04","modified_gmt":"2025-12-02T08:21:04","slug":"options-dele-cambridge","status":"publish","type":"page","link":"https:\/\/steanne-stpierre-portlouis.bzh\/college-saint-pierre\/orientation-pedagogique\/options-dele-cambridge\/","title":{"rendered":"ORIENTATION 3EME"},"content":{"rendered":"\n<figure class=\"wp-block-image size-large is-style-default\"><img decoding=\"async\" width=\"1024\" height=\"331\" src=\"https:\/\/steanne-stpierre-portlouis.bzh\/college-saint-pierre\/wp-content\/uploads\/sites\/3\/2022\/01\/orientation-1024x331.jpg\" alt=\"\" class=\"wp-image-1054\" srcset=\"https:\/\/steanne-stpierre-portlouis.bzh\/college-saint-pierre\/wp-content\/uploads\/sites\/3\/2022\/01\/orientation-1024x331.jpg 1024w, https:\/\/steanne-stpierre-portlouis.bzh\/college-saint-pierre\/wp-content\/uploads\/sites\/3\/2022\/01\/orientation-300x97.jpg 300w, https:\/\/steanne-stpierre-portlouis.bzh\/college-saint-pierre\/wp-content\/uploads\/sites\/3\/2022\/01\/orientation-768x248.jpg 768w, https:\/\/steanne-stpierre-portlouis.bzh\/college-saint-pierre\/wp-content\/uploads\/sites\/3\/2022\/01\/orientation-1536x497.jpg 1536w, https:\/\/steanne-stpierre-portlouis.bzh\/college-saint-pierre\/wp-content\/uploads\/sites\/3\/2022\/01\/orientation.jpg 2000w\" sizes=\"(max-width: 1024px) 100vw, 1024px\" \/><\/figure>\n\n\n\n<p class=\"has-text-align-center has-orange-color has-text-color wp-block-paragraph\" style=\"font-size:30px\"><strong>S&rsquo;orienter, c&rsquo;est construire progressivement son parcours de formation.<\/strong><\/p>\n\n\n\n<p class=\"has-text-align-left has-black-color has-text-color wp-block-paragraph\"><strong>Premier palier d&rsquo;orientation, la classe de 3\u00e8me est une \u00e9tape importante durant laquelle l&rsquo;\u00e9l\u00e8ve s&rsquo;engage dans une double r\u00e9flexion:<\/strong><\/p>\n\n\n\n<ul class=\"wp-block-list\">\n<li><strong><span class=\"has-inline-color has-black-color\">Quelle voie de formation choisir ?<\/span><\/strong><\/li>\n<\/ul>\n\n\n\n<ul class=\"wp-block-list\">\n<li><strong><span class=\"has-inline-color has-black-color\">Dans quel domaine?<\/span><\/strong><\/li>\n<\/ul>\n\n\n\n<p class=\"wp-block-paragraph\"><mark class=\"has-inline-color has-black-color\">Les professeurs principaux en classe de 3\u00e8me, organisent des entretiens individuels avec les familles (\u00e0 raison de deux ou trois fois dans l&rsquo;ann\u00e9e) afin de faire le point sur le parcours de formation envisag\u00e9<\/mark>.<\/p>\n\n\n\n<div class=\"wp-block-columns is-layout-flex wp-container-core-columns-is-layout-8f761849 wp-block-columns-is-layout-flex\">\n<div class=\"wp-block-column is-layout-flow wp-block-column-is-layout-flow\">\n<div class=\"wp-block-buttons is-layout-flex wp-block-buttons-is-layout-flex\">\n<div class=\"wp-block-button\"><a class=\"wp-block-button__link has-background wp-element-button\" href=\"https:\/\/www.education.gouv.fr\/reussir-au-lycee\/la-voie-generale-au-lycee-9749\" style=\"background-color:#42bd5b\" target=\"_blank\" rel=\"noreferrer noopener\">La 2nd G\u00e9n\u00e9rale<\/a><\/div>\n<\/div>\n<\/div>\n\n\n\n<div class=\"wp-block-column is-layout-flow wp-block-column-is-layout-flow\">\n<div class=\"wp-block-buttons is-layout-flex wp-block-buttons-is-layout-flex\">\n<div class=\"wp-block-button\"><a class=\"wp-block-button__link has-background wp-element-button\" href=\"https:\/\/www.education.gouv.fr\/reussir-au-lycee\/la-voie-technologique-au-lycee-7574\" style=\"background-color:#81d4aa\" target=\"_blank\" rel=\"noreferrer noopener\">La 2nd technologique<\/a><\/div>\n<\/div>\n<\/div>\n\n\n\n<div class=\"wp-block-column is-layout-flow wp-block-column-is-layout-flow\">\n<div class=\"wp-block-buttons is-horizontal is-content-justification-center is-layout-flex wp-container-core-buttons-is-layout-7d812b4c wp-block-buttons-is-layout-flex\">\n<div class=\"wp-block-button\"><a class=\"wp-block-button__link has-jaune-background-color has-background wp-element-button\" href=\"https:\/\/eduscol.education.fr\/1916\/le-baccalaureat-professionnel\" target=\"_blank\" rel=\"noreferrer noopener\">La 2nd pro<\/a><\/div>\n<\/div>\n\n\n\n<p class=\"wp-block-paragraph\"><\/p>\n<\/div>\n\n\n\n<div class=\"wp-block-column is-layout-flow wp-block-column-is-layout-flow\">\n<div class=\"wp-block-buttons is-horizontal is-content-justification-center is-layout-flex wp-container-core-buttons-is-layout-7d812b4c wp-block-buttons-is-layout-flex\">\n<div class=\"wp-block-button\"><a class=\"wp-block-button__link has-orange-background-color has-background wp-element-button\" href=\"https:\/\/www.education.gouv.fr\/recherche\/tag\/cap\" target=\"_blank\" rel=\"noreferrer noopener\">Le CAP<\/a><\/div>\n<\/div>\n<\/div>\n\n\n\n<div class=\"wp-block-column is-vertically-aligned-top is-layout-flow wp-block-column-is-layout-flow\">\n<div class=\"wp-block-buttons is-layout-flex wp-block-buttons-is-layout-flex\">\n<div class=\"wp-block-button\"><a class=\"wp-block-button__link has-background wp-element-button\" href=\"https:\/\/www.education.gouv.fr\/se-former-par-l-apprentissage-2216\" style=\"background-color:#b33c14\" target=\"_blank\" rel=\"noreferrer noopener\">L&rsquo;apprentissage<\/a><\/div>\n<\/div>\n<\/div>\n<\/div>\n\n\n\n<p class=\"has-black-color has-text-color wp-block-paragraph\"><strong>Afin de pr\u00e9parer au mieux nos \u00e9l\u00e8ves, le Coll\u00e8ge organise des moments forts tout au long de l&rsquo;ann\u00e9e:<\/strong><\/p>\n\n\n\n<ul class=\"wp-block-list has-black-color has-text-color\">\n<li>Option DP3 ( D\u00e9couverte professionnelle niveau 3\u00e8me avec un professeur de l&rsquo;\u00e9tablissement)<\/li>\n\n\n\n<li>Soir\u00e9e d&rsquo;orientation pr\u00e9sentant les fili\u00e8res possibles apr\u00e8s la 3\u00e8me.<\/li>\n\n\n\n<li>Visite des <a href=\"https:\/\/steanne-stpierre-portlouis.bzh\/college-saint-pierre\/presentation\/notre-reseau\/\" target=\"_blank\" rel=\"noreferrer noopener\">lyc\u00e9es du r\u00e9seau<\/a> pour les \u00e9l\u00e8ves volontaires.<\/li>\n\n\n\n<li>Forum des m\u00e9tiers au sein du coll\u00e8ge.<\/li>\n\n\n\n<li>Participation au forum des coll\u00e9giens.<\/li>\n\n\n\n<li>Stage d&rsquo;observation de 5 jours en entreprise.<\/li>\n\n\n\n<li>Ateliers-m\u00e9tiers organis\u00e9s par la Direction Dioc\u00e9saine des Ecoles Catholiques du Morbihan.<\/li>\n\n\n\n<li>Mini-stage et immersion en lyc\u00e9e professionnel pour les \u00e9l\u00e8ves qui le souhaitent.<\/li>\n\n\n\n<li>Deux brevets blancs programm\u00e9s sur l&rsquo;ann\u00e9e scolaire.<\/li>\n<\/ul>\n\n\n\n<div style=\"height:51px\" aria-hidden=\"true\" class=\"wp-block-spacer\"><\/div>\n\n\n\n<div class=\"wp-block-buttons is-layout-flex wp-block-buttons-is-layout-flex\"><\/div>\n\n\n\n<div class=\"wp-block-buttons is-layout-flex wp-block-buttons-is-layout-flex\"><\/div>\n\n\n\n<p class=\"wp-block-paragraph\"><\/p>\n\n\n<div class=\"wp-block-image is-style-default\">\n<figure class=\"aligncenter size-full\"><a href=\"https:\/\/www.onisep.fr\/Choisir-mes-etudes\/Au-lycee-au-CFA#Au-lycee-general-et-technologique\" target=\"_blank\" rel=\"noopener\"><img decoding=\"async\" width=\"546\" height=\"131\" src=\"https:\/\/steanne-stpierre-portlouis.bzh\/college-saint-pierre\/wp-content\/uploads\/sites\/3\/2022\/01\/onisep.png\" alt=\"\" class=\"wp-image-1055\" srcset=\"https:\/\/steanne-stpierre-portlouis.bzh\/college-saint-pierre\/wp-content\/uploads\/sites\/3\/2022\/01\/onisep.png 546w, https:\/\/steanne-stpierre-portlouis.bzh\/college-saint-pierre\/wp-content\/uploads\/sites\/3\/2022\/01\/onisep-300x72.png 300w\" sizes=\"(max-width: 546px) 100vw, 546px\" \/><\/a><\/figure>\n<\/div>","protected":false},"excerpt":{"rendered":"<p>S&rsquo;orienter, c&rsquo;est construire progressivement son parcours de formation. Premier palier d&rsquo;orientation, la classe de 3\u00e8me est une \u00e9tape importante durant laquelle l&rsquo;\u00e9l\u00e8ve s&rsquo;engage dans une double r\u00e9flexion: Les professeurs principaux [&hellip;]<\/p>\n","protected":false},"author":7,"featured_media":0,"parent":10,"menu_order":0,"comment_status":"closed","ping_status":"closed","template":"","meta":{"_acf_changed":false,"footnotes":""},"class_list":["post-391","page","type-page","status-publish","hentry"],"acf":[],"yoast_head":"<!-- This site is optimized with the Yoast SEO plugin v28.3 - https:\/\/yoast.com\/product\/yoast-seo-wordpress\/ -->\n<title>ORIENTATION 3EME - Coll\u00e8ge Saint-Pierre<\/title>\n<meta name=\"robots\" content=\"index, follow, max-snippet:-1, max-image-preview:large, max-video-preview:-1\" \/>\n<link rel=\"canonical\" href=\"https:\/\/steanne-stpierre-portlouis.bzh\/college-saint-pierre\/orientation-pedagogique\/options-dele-cambridge\/\" \/>\n<meta property=\"og:locale\" content=\"fr_FR\" \/>\n<meta property=\"og:type\" content=\"article\" \/>\n<meta property=\"og:title\" content=\"ORIENTATION 3EME - Coll\u00e8ge Saint-Pierre\" \/>\n<meta property=\"og:description\" content=\"S&rsquo;orienter, c&rsquo;est construire progressivement son parcours de formation. Premier palier d&rsquo;orientation, la classe de 3\u00e8me est une \u00e9tape importante durant laquelle l&rsquo;\u00e9l\u00e8ve s&rsquo;engage dans une double r\u00e9flexion: Les professeurs principaux [&hellip;]\" \/>\n<meta property=\"og:url\" content=\"https:\/\/steanne-stpierre-portlouis.bzh\/college-saint-pierre\/orientation-pedagogique\/options-dele-cambridge\/\" \/>\n<meta property=\"og:site_name\" content=\"Coll\u00e8ge Saint-Pierre\" \/>\n<meta property=\"article:modified_time\" content=\"2025-12-02T08:21:04+00:00\" \/>\n<meta property=\"og:image\" content=\"https:\/\/steanne-stpierre-portlouis.bzh\/college-saint-pierre\/wp-content\/uploads\/sites\/3\/2022\/01\/orientation.jpg\" \/>\n\t<meta property=\"og:image:width\" content=\"2000\" \/>\n\t<meta property=\"og:image:height\" content=\"647\" \/>\n\t<meta property=\"og:image:type\" content=\"image\/jpeg\" \/>\n<meta name=\"twitter:card\" content=\"summary_large_image\" \/>\n<meta name=\"twitter:label1\" content=\"Dur\u00e9e de lecture estim\u00e9e\" \/>\n\t<meta name=\"twitter:data1\" content=\"2 minutes\" \/>\n<script type=\"application\/ld+json\" class=\"yoast-schema-graph\">{\"@context\":\"https:\\\/\\\/schema.org\",\"@graph\":[{\"@type\":\"WebPage\",\"@id\":\"https:\\\/\\\/steanne-stpierre-portlouis.bzh\\\/college-saint-pierre\\\/orientation-pedagogique\\\/options-dele-cambridge\\\/\",\"url\":\"https:\\\/\\\/steanne-stpierre-portlouis.bzh\\\/college-saint-pierre\\\/orientation-pedagogique\\\/options-dele-cambridge\\\/\",\"name\":\"ORIENTATION 3EME - Coll\u00e8ge Saint-Pierre\",\"isPartOf\":{\"@id\":\"https:\\\/\\\/steanne-stpierre-portlouis.bzh\\\/college-saint-pierre\\\/#website\"},\"primaryImageOfPage\":{\"@id\":\"https:\\\/\\\/steanne-stpierre-portlouis.bzh\\\/college-saint-pierre\\\/orientation-pedagogique\\\/options-dele-cambridge\\\/#primaryimage\"},\"image\":{\"@id\":\"https:\\\/\\\/steanne-stpierre-portlouis.bzh\\\/college-saint-pierre\\\/orientation-pedagogique\\\/options-dele-cambridge\\\/#primaryimage\"},\"thumbnailUrl\":\"https:\\\/\\\/steanne-stpierre-portlouis.bzh\\\/college-saint-pierre\\\/wp-content\\\/uploads\\\/sites\\\/3\\\/2022\\\/01\\\/orientation-1024x331.jpg\",\"datePublished\":\"2021-10-19T11:53:07+00:00\",\"dateModified\":\"2025-12-02T08:21:04+00:00\",\"breadcrumb\":{\"@id\":\"https:\\\/\\\/steanne-stpierre-portlouis.bzh\\\/college-saint-pierre\\\/orientation-pedagogique\\\/options-dele-cambridge\\\/#breadcrumb\"},\"inLanguage\":\"fr-FR\",\"potentialAction\":[{\"@type\":\"ReadAction\",\"target\":[\"https:\\\/\\\/steanne-stpierre-portlouis.bzh\\\/college-saint-pierre\\\/orientation-pedagogique\\\/options-dele-cambridge\\\/\"]}]},{\"@type\":\"ImageObject\",\"inLanguage\":\"fr-FR\",\"@id\":\"https:\\\/\\\/steanne-stpierre-portlouis.bzh\\\/college-saint-pierre\\\/orientation-pedagogique\\\/options-dele-cambridge\\\/#primaryimage\",\"url\":\"https:\\\/\\\/steanne-stpierre-portlouis.bzh\\\/college-saint-pierre\\\/wp-content\\\/uploads\\\/sites\\\/3\\\/2022\\\/01\\\/orientation.jpg\",\"contentUrl\":\"https:\\\/\\\/steanne-stpierre-portlouis.bzh\\\/college-saint-pierre\\\/wp-content\\\/uploads\\\/sites\\\/3\\\/2022\\\/01\\\/orientation.jpg\",\"width\":2000,\"height\":647},{\"@type\":\"BreadcrumbList\",\"@id\":\"https:\\\/\\\/steanne-stpierre-portlouis.bzh\\\/college-saint-pierre\\\/orientation-pedagogique\\\/options-dele-cambridge\\\/#breadcrumb\",\"itemListElement\":[{\"@type\":\"ListItem\",\"position\":1,\"name\":\"Accueil\",\"item\":\"https:\\\/\\\/steanne-stpierre-portlouis.bzh\\\/college-saint-pierre\\\/\"},{\"@type\":\"ListItem\",\"position\":2,\"name\":\"PROJET PEDAGOGIQUE\",\"item\":\"https:\\\/\\\/steanne-stpierre-portlouis.bzh\\\/college-saint-pierre\\\/orientation-pedagogique\\\/\"},{\"@type\":\"ListItem\",\"position\":3,\"name\":\"ORIENTATION 3EME\"}]},{\"@type\":\"WebSite\",\"@id\":\"https:\\\/\\\/steanne-stpierre-portlouis.bzh\\\/college-saint-pierre\\\/#website\",\"url\":\"https:\\\/\\\/steanne-stpierre-portlouis.bzh\\\/college-saint-pierre\\\/\",\"name\":\"Coll\u00e8ge Saint-Pierre\",\"description\":\"Un site utilisant Ensemble scolaire Port Louis\",\"publisher\":{\"@id\":\"https:\\\/\\\/steanne-stpierre-portlouis.bzh\\\/college-saint-pierre\\\/#organization\"},\"potentialAction\":[{\"@type\":\"SearchAction\",\"target\":{\"@type\":\"EntryPoint\",\"urlTemplate\":\"https:\\\/\\\/steanne-stpierre-portlouis.bzh\\\/college-saint-pierre\\\/?s={search_term_string}\"},\"query-input\":{\"@type\":\"PropertyValueSpecification\",\"valueRequired\":true,\"valueName\":\"search_term_string\"}}],\"inLanguage\":\"fr-FR\"},{\"@type\":\"Organization\",\"@id\":\"https:\\\/\\\/steanne-stpierre-portlouis.bzh\\\/college-saint-pierre\\\/#organization\",\"name\":\"Coll\u00e8ge Saint-Pierre\",\"url\":\"https:\\\/\\\/steanne-stpierre-portlouis.bzh\\\/college-saint-pierre\\\/\",\"logo\":{\"@type\":\"ImageObject\",\"inLanguage\":\"fr-FR\",\"@id\":\"https:\\\/\\\/steanne-stpierre-portlouis.bzh\\\/college-saint-pierre\\\/#\\\/schema\\\/logo\\\/image\\\/\",\"url\":\"https:\\\/\\\/steanne-stpierre-portlouis.bzh\\\/college-saint-pierre\\\/wp-content\\\/uploads\\\/sites\\\/3\\\/2021\\\/05\\\/logo-stpierre.png\",\"contentUrl\":\"https:\\\/\\\/steanne-stpierre-portlouis.bzh\\\/college-saint-pierre\\\/wp-content\\\/uploads\\\/sites\\\/3\\\/2021\\\/05\\\/logo-stpierre.png\",\"width\":246,\"height\":187,\"caption\":\"Coll\u00e8ge Saint-Pierre\"},\"image\":{\"@id\":\"https:\\\/\\\/steanne-stpierre-portlouis.bzh\\\/college-saint-pierre\\\/#\\\/schema\\\/logo\\\/image\\\/\"}}]}<\/script>\n<!-- \/ Yoast SEO plugin. -->","yoast_head_json":{"title":"ORIENTATION 3EME - Coll\u00e8ge Saint-Pierre","robots":{"index":"index","follow":"follow","max-snippet":"max-snippet:-1","max-image-preview":"max-image-preview:large","max-video-preview":"max-video-preview:-1"},"canonical":"https:\/\/steanne-stpierre-portlouis.bzh\/college-saint-pierre\/orientation-pedagogique\/options-dele-cambridge\/","og_locale":"fr_FR","og_type":"article","og_title":"ORIENTATION 3EME - Coll\u00e8ge Saint-Pierre","og_description":"S&rsquo;orienter, c&rsquo;est construire progressivement son parcours de formation. Premier palier d&rsquo;orientation, la classe de 3\u00e8me est une \u00e9tape importante durant laquelle l&rsquo;\u00e9l\u00e8ve s&rsquo;engage dans une double r\u00e9flexion: Les professeurs principaux [&hellip;]","og_url":"https:\/\/steanne-stpierre-portlouis.bzh\/college-saint-pierre\/orientation-pedagogique\/options-dele-cambridge\/","og_site_name":"Coll\u00e8ge Saint-Pierre","article_modified_time":"2025-12-02T08:21:04+00:00","og_image":[{"width":2000,"height":647,"url":"https:\/\/steanne-stpierre-portlouis.bzh\/college-saint-pierre\/wp-content\/uploads\/sites\/3\/2022\/01\/orientation.jpg","type":"image\/jpeg"}],"twitter_card":"summary_large_image","twitter_misc":{"Dur\u00e9e de lecture estim\u00e9e":"2 minutes"},"schema":{"@context":"https:\/\/schema.org","@graph":[{"@type":"WebPage","@id":"https:\/\/steanne-stpierre-portlouis.bzh\/college-saint-pierre\/orientation-pedagogique\/options-dele-cambridge\/","url":"https:\/\/steanne-stpierre-portlouis.bzh\/college-saint-pierre\/orientation-pedagogique\/options-dele-cambridge\/","name":"ORIENTATION 3EME - Coll\u00e8ge Saint-Pierre","isPartOf":{"@id":"https:\/\/steanne-stpierre-portlouis.bzh\/college-saint-pierre\/#website"},"primaryImageOfPage":{"@id":"https:\/\/steanne-stpierre-portlouis.bzh\/college-saint-pierre\/orientation-pedagogique\/options-dele-cambridge\/#primaryimage"},"image":{"@id":"https:\/\/steanne-stpierre-portlouis.bzh\/college-saint-pierre\/orientation-pedagogique\/options-dele-cambridge\/#primaryimage"},"thumbnailUrl":"https:\/\/steanne-stpierre-portlouis.bzh\/college-saint-pierre\/wp-content\/uploads\/sites\/3\/2022\/01\/orientation-1024x331.jpg","datePublished":"2021-10-19T11:53:07+00:00","dateModified":"2025-12-02T08:21:04+00:00","breadcrumb":{"@id":"https:\/\/steanne-stpierre-portlouis.bzh\/college-saint-pierre\/orientation-pedagogique\/options-dele-cambridge\/#breadcrumb"},"inLanguage":"fr-FR","potentialAction":[{"@type":"ReadAction","target":["https:\/\/steanne-stpierre-portlouis.bzh\/college-saint-pierre\/orientation-pedagogique\/options-dele-cambridge\/"]}]},{"@type":"ImageObject","inLanguage":"fr-FR","@id":"https:\/\/steanne-stpierre-portlouis.bzh\/college-saint-pierre\/orientation-pedagogique\/options-dele-cambridge\/#primaryimage","url":"https:\/\/steanne-stpierre-portlouis.bzh\/college-saint-pierre\/wp-content\/uploads\/sites\/3\/2022\/01\/orientation.jpg","contentUrl":"https:\/\/steanne-stpierre-portlouis.bzh\/college-saint-pierre\/wp-content\/uploads\/sites\/3\/2022\/01\/orientation.jpg","width":2000,"height":647},{"@type":"BreadcrumbList","@id":"https:\/\/steanne-stpierre-portlouis.bzh\/college-saint-pierre\/orientation-pedagogique\/options-dele-cambridge\/#breadcrumb","itemListElement":[{"@type":"ListItem","position":1,"name":"Accueil","item":"https:\/\/steanne-stpierre-portlouis.bzh\/college-saint-pierre\/"},{"@type":"ListItem","position":2,"name":"PROJET PEDAGOGIQUE","item":"https:\/\/steanne-stpierre-portlouis.bzh\/college-saint-pierre\/orientation-pedagogique\/"},{"@type":"ListItem","position":3,"name":"ORIENTATION 3EME"}]},{"@type":"WebSite","@id":"https:\/\/steanne-stpierre-portlouis.bzh\/college-saint-pierre\/#website","url":"https:\/\/steanne-stpierre-portlouis.bzh\/college-saint-pierre\/","name":"Coll\u00e8ge Saint-Pierre","description":"Un site utilisant Ensemble scolaire Port Louis","publisher":{"@id":"https:\/\/steanne-stpierre-portlouis.bzh\/college-saint-pierre\/#organization"},"potentialAction":[{"@type":"SearchAction","target":{"@type":"EntryPoint","urlTemplate":"https:\/\/steanne-stpierre-portlouis.bzh\/college-saint-pierre\/?s={search_term_string}"},"query-input":{"@type":"PropertyValueSpecification","valueRequired":true,"valueName":"search_term_string"}}],"inLanguage":"fr-FR"},{"@type":"Organization","@id":"https:\/\/steanne-stpierre-portlouis.bzh\/college-saint-pierre\/#organization","name":"Coll\u00e8ge Saint-Pierre","url":"https:\/\/steanne-stpierre-portlouis.bzh\/college-saint-pierre\/","logo":{"@type":"ImageObject","inLanguage":"fr-FR","@id":"https:\/\/steanne-stpierre-portlouis.bzh\/college-saint-pierre\/#\/schema\/logo\/image\/","url":"https:\/\/steanne-stpierre-portlouis.bzh\/college-saint-pierre\/wp-content\/uploads\/sites\/3\/2021\/05\/logo-stpierre.png","contentUrl":"https:\/\/steanne-stpierre-portlouis.bzh\/college-saint-pierre\/wp-content\/uploads\/sites\/3\/2021\/05\/logo-stpierre.png","width":246,"height":187,"caption":"Coll\u00e8ge Saint-Pierre"},"image":{"@id":"https:\/\/steanne-stpierre-portlouis.bzh\/college-saint-pierre\/#\/schema\/logo\/image\/"}}]}},"_links":{"self":[{"href":"https:\/\/steanne-stpierre-portlouis.bzh\/college-saint-pierre\/wp-json\/wp\/v2\/pages\/391","targetHints":{"allow":["GET"]}}],"collection":[{"href":"https:\/\/steanne-stpierre-portlouis.bzh\/college-saint-pierre\/wp-json\/wp\/v2\/pages"}],"about":[{"href":"https:\/\/steanne-stpierre-portlouis.bzh\/college-saint-pierre\/wp-json\/wp\/v2\/types\/page"}],"author":[{"embeddable":true,"href":"https:\/\/steanne-stpierre-portlouis.bzh\/college-saint-pierre\/wp-json\/wp\/v2\/users\/7"}],"replies":[{"embeddable":true,"href":"https:\/\/steanne-stpierre-portlouis.bzh\/college-saint-pierre\/wp-json\/wp\/v2\/comments?post=391"}],"version-history":[{"count":18,"href":"https:\/\/steanne-stpierre-portlouis.bzh\/college-saint-pierre\/wp-json\/wp\/v2\/pages\/391\/revisions"}],"predecessor-version":[{"id":2502,"href":"https:\/\/steanne-stpierre-portlouis.bzh\/college-saint-pierre\/wp-json\/wp\/v2\/pages\/391\/revisions\/2502"}],"up":[{"embeddable":true,"href":"https:\/\/steanne-stpierre-portlouis.bzh\/college-saint-pierre\/wp-json\/wp\/v2\/pages\/10"}],"wp:attachment":[{"href":"https:\/\/steanne-stpierre-portlouis.bzh\/college-saint-pierre\/wp-json\/wp\/v2\/media?parent=391"}],"curies":[{"name":"wp","href":"https:\/\/api.w.org\/{rel}","templated":true}]}}