{"id":422,"date":"2021-10-19T16:23:50","date_gmt":"2021-10-19T14:23:50","guid":{"rendered":"https:\/\/steanne-stpierre-portlouis.bzh\/college-saint-pierre\/?page_id=422"},"modified":"2022-01-20T17:21:56","modified_gmt":"2022-01-20T16:21:56","slug":"les-6emes-a-theme","status":"publish","type":"page","link":"https:\/\/steanne-stpierre-portlouis.bzh\/college-saint-pierre\/orientation-pedagogique\/les-6emes-a-theme\/","title":{"rendered":"LA CLASSE DE 6EME"},"content":{"rendered":"\n<hr class=\"wp-block-separator\" \/>\n\n\n\n<figure class=\"wp-block-image size-large is-style-default\"><img decoding=\"async\" width=\"1024\" height=\"323\" src=\"https:\/\/steanne-stpierre-portlouis.bzh\/college-saint-pierre\/wp-content\/uploads\/sites\/3\/2022\/01\/Capture-4-1024x323.png\" alt=\"\" class=\"wp-image-924\" srcset=\"https:\/\/steanne-stpierre-portlouis.bzh\/college-saint-pierre\/wp-content\/uploads\/sites\/3\/2022\/01\/Capture-4-1024x323.png 1024w, https:\/\/steanne-stpierre-portlouis.bzh\/college-saint-pierre\/wp-content\/uploads\/sites\/3\/2022\/01\/Capture-4-300x95.png 300w, https:\/\/steanne-stpierre-portlouis.bzh\/college-saint-pierre\/wp-content\/uploads\/sites\/3\/2022\/01\/Capture-4-768x242.png 768w, https:\/\/steanne-stpierre-portlouis.bzh\/college-saint-pierre\/wp-content\/uploads\/sites\/3\/2022\/01\/Capture-4.png 1356w\" sizes=\"(max-width: 1024px) 100vw, 1024px\" \/><\/figure>\n\n\n\n<ul class=\"has-black-color has-text-color wp-block-list\"><li>Un nouvel \u00e9tablissement<\/li><li>Des nouvelles mati\u00e8res<\/li><li>Plusieurs professeurs dont un professeur principal<\/li><li>Des nouveaux camarades<\/li><\/ul>\n\n\n\n<div style=\"height:21px\" aria-hidden=\"true\" class=\"wp-block-spacer\"><\/div>\n\n\n\n<p class=\"has-black-color has-text-color wp-block-paragraph\"><strong>C&rsquo;est aussi des changements au niveau de l&rsquo;organisation:<\/strong><\/p>\n\n\n\n<p class=\"has-black-color has-text-color wp-block-paragraph\">D\u00e9sormais,\u00a0l&rsquo;\u00e9l\u00e8ve de 6\u00e8me a un professeur par mati\u00e8re, un emploi du temps, qui varie parfois d&rsquo;une semaine \u00e0 l&rsquo;autre,\u00a0et des\u00a0nouveaux camarades de classe. Il y a aussi des heures de permanence, un carnet de correspondance qui au coll\u00e8ge Saint-pierre sert aussi d&rsquo;agenda, et du mat\u00e9riel qu&rsquo;il devra apporter en fonction de chaque cours, un cahier de texte interactif\u00a0o\u00f9 sont not\u00e9s les devoirs \u00e0 faire, les notes aux contr\u00f4les, les absences, les retards&#8230; C&rsquo;est aussi une plateforme sur laquelle\u00a0les parents peuvent contacter les diff\u00e9rents professeurs.<\/p>\n\n\n\n<hr class=\"wp-block-separator\" \/>\n\n\n\n<p class=\"has-text-align-center has-black-color has-text-color wp-block-paragraph\" style=\"font-size:40px\"><strong>L&#8217;emploi du temps <\/strong><\/p>\n\n\n\n<figure class=\"wp-block-table is-style-stripes\"><table><thead><tr><th><span class=\"has-inline-color has-black-color\"><strong>ENSEIGNEMENTS OBLIGATOIRES<\/strong><\/span><\/th><th><\/th><\/tr><\/thead><tbody><tr><td><span class=\"has-inline-color has-black-color\"><strong>Fran\u00e7ais<\/strong><\/span><\/td><td><span class=\"has-inline-color has-black-color\"><strong>4h30<\/strong><\/span><\/td><\/tr><tr><td><span class=\"has-inline-color has-black-color\"><strong>Math\u00e9matiques<\/strong><\/span><\/td><td><span class=\"has-inline-color has-black-color\"><strong>4h30<\/strong><\/span><\/td><\/tr><tr><td><strong><span class=\"has-inline-color has-black-color\">Histoire-G\u00e9ographie \/ Enseignement moral et civique<\/span><\/strong><\/td><td><strong><span class=\"has-inline-color has-black-color\">3h<\/span><\/strong><\/td><\/tr><tr><td><span class=\"has-inline-color has-black-color\"><strong>Sciences de la Vie et de la Terre &#8211; Technologie &#8211; Sciences physiques<\/strong><\/span><\/td><td><span class=\"has-inline-color has-black-color\"><strong>4h<\/strong><\/span><\/td><\/tr><tr><td><span class=\"has-inline-color has-black-color\"><strong>Anglais<\/strong><\/span> <\/td><td><strong><span class=\"has-inline-color has-black-color\">4h<\/span><\/strong><\/td><\/tr><tr><td><span class=\"has-inline-color has-black-color\"><strong>Arts plastiques<\/strong><\/span><\/td><td><strong><span class=\"has-inline-color has-black-color\">1h<\/span><\/strong><\/td><\/tr><tr><td><strong><span class=\"has-inline-color has-black-color\">Education musicale<\/span><\/strong><\/td><td><span class=\"has-inline-color has-black-color\"><strong>1h<\/strong><\/span><\/td><\/tr><tr><td><span class=\"has-inline-color has-black-color\"><strong>Education physique et sportive<\/strong><\/span><\/td><td><span class=\"has-inline-color has-black-color\"><strong>4h<\/strong><\/span><\/td><\/tr><tr><td><span class=\"has-inline-color has-black-color\"><strong>Vie de classe<\/strong><\/span><\/td><td><strong><span class=\"has-inline-color has-black-color\">1h<\/span><\/strong><\/td><\/tr><\/tbody><\/table><figcaption>En classe de 6\u00e8me, le mercredi est travaill\u00e9 une semaine sur deux.<\/figcaption><\/figure>\n\n\n\n<hr class=\"wp-block-separator\" \/>\n\n\n\n<p class=\"has-text-align-center has-black-color has-text-color wp-block-paragraph\" style=\"font-size:40px\"><strong>Une journ\u00e9e type<\/strong><\/p>\n\n\n\n<p class=\"has-text-align-center has-jaune-color has-text-color has-background wp-block-paragraph\" style=\"background-color:#00a398\"><strong><a href=\"https:\/\/www.youtube.com\/watch?v=iTLOYwReQMw\" target=\"_blank\" rel=\"noreferrer noopener\">En cliquant sur ce lien, venez d\u00e9couvrir \u00ab\u00a0UNE JOURNEE EN 6EME\u00a0\u00bb<\/a><\/strong><\/p>\n","protected":false},"excerpt":{"rendered":"<p>Un nouvel \u00e9tablissement Des nouvelles mati\u00e8res Plusieurs professeurs dont un professeur principal Des nouveaux camarades C&rsquo;est aussi des changements au niveau de l&rsquo;organisation: D\u00e9sormais,\u00a0l&rsquo;\u00e9l\u00e8ve de 6\u00e8me a un professeur par [&hellip;]<\/p>\n","protected":false},"author":7,"featured_media":0,"parent":10,"menu_order":0,"comment_status":"closed","ping_status":"closed","template":"","meta":{"_acf_changed":false,"footnotes":""},"class_list":["post-422","page","type-page","status-publish","hentry"],"acf":[],"yoast_head":"<!-- This site is optimized with the Yoast SEO plugin v28.3 - https:\/\/yoast.com\/product\/yoast-seo-wordpress\/ -->\n<title>LA CLASSE DE 6EME - Coll\u00e8ge Saint-Pierre<\/title>\n<meta name=\"robots\" content=\"index, follow, max-snippet:-1, max-image-preview:large, max-video-preview:-1\" \/>\n<link rel=\"canonical\" href=\"https:\/\/steanne-stpierre-portlouis.bzh\/college-saint-pierre\/orientation-pedagogique\/les-6emes-a-theme\/\" \/>\n<meta property=\"og:locale\" content=\"fr_FR\" \/>\n<meta property=\"og:type\" content=\"article\" \/>\n<meta property=\"og:title\" content=\"LA CLASSE DE 6EME - Coll\u00e8ge Saint-Pierre\" \/>\n<meta property=\"og:description\" content=\"Un nouvel \u00e9tablissement Des nouvelles mati\u00e8res Plusieurs professeurs dont un professeur principal Des nouveaux camarades C&rsquo;est aussi des changements au niveau de l&rsquo;organisation: D\u00e9sormais,\u00a0l&rsquo;\u00e9l\u00e8ve de 6\u00e8me a un professeur par [&hellip;]\" \/>\n<meta property=\"og:url\" content=\"https:\/\/steanne-stpierre-portlouis.bzh\/college-saint-pierre\/orientation-pedagogique\/les-6emes-a-theme\/\" \/>\n<meta property=\"og:site_name\" content=\"Coll\u00e8ge Saint-Pierre\" \/>\n<meta property=\"article:modified_time\" content=\"2022-01-20T16:21:56+00:00\" \/>\n<meta property=\"og:image\" content=\"https:\/\/steanne-stpierre-portlouis.bzh\/college-saint-pierre\/wp-content\/uploads\/sites\/3\/2022\/01\/Capture-4-1024x323.png\" \/>\n<meta name=\"twitter:card\" content=\"summary_large_image\" \/>\n<meta name=\"twitter:label1\" content=\"Dur\u00e9e de lecture estim\u00e9e\" \/>\n\t<meta name=\"twitter:data1\" content=\"2 minutes\" \/>\n<script type=\"application\/ld+json\" class=\"yoast-schema-graph\">{\"@context\":\"https:\\\/\\\/schema.org\",\"@graph\":[{\"@type\":\"WebPage\",\"@id\":\"https:\\\/\\\/steanne-stpierre-portlouis.bzh\\\/college-saint-pierre\\\/orientation-pedagogique\\\/les-6emes-a-theme\\\/\",\"url\":\"https:\\\/\\\/steanne-stpierre-portlouis.bzh\\\/college-saint-pierre\\\/orientation-pedagogique\\\/les-6emes-a-theme\\\/\",\"name\":\"LA CLASSE DE 6EME - Coll\u00e8ge Saint-Pierre\",\"isPartOf\":{\"@id\":\"https:\\\/\\\/steanne-stpierre-portlouis.bzh\\\/college-saint-pierre\\\/#website\"},\"primaryImageOfPage\":{\"@id\":\"https:\\\/\\\/steanne-stpierre-portlouis.bzh\\\/college-saint-pierre\\\/orientation-pedagogique\\\/les-6emes-a-theme\\\/#primaryimage\"},\"image\":{\"@id\":\"https:\\\/\\\/steanne-stpierre-portlouis.bzh\\\/college-saint-pierre\\\/orientation-pedagogique\\\/les-6emes-a-theme\\\/#primaryimage\"},\"thumbnailUrl\":\"https:\\\/\\\/steanne-stpierre-portlouis.bzh\\\/college-saint-pierre\\\/wp-content\\\/uploads\\\/sites\\\/3\\\/2022\\\/01\\\/Capture-4-1024x323.png\",\"datePublished\":\"2021-10-19T14:23:50+00:00\",\"dateModified\":\"2022-01-20T16:21:56+00:00\",\"breadcrumb\":{\"@id\":\"https:\\\/\\\/steanne-stpierre-portlouis.bzh\\\/college-saint-pierre\\\/orientation-pedagogique\\\/les-6emes-a-theme\\\/#breadcrumb\"},\"inLanguage\":\"fr-FR\",\"potentialAction\":[{\"@type\":\"ReadAction\",\"target\":[\"https:\\\/\\\/steanne-stpierre-portlouis.bzh\\\/college-saint-pierre\\\/orientation-pedagogique\\\/les-6emes-a-theme\\\/\"]}]},{\"@type\":\"ImageObject\",\"inLanguage\":\"fr-FR\",\"@id\":\"https:\\\/\\\/steanne-stpierre-portlouis.bzh\\\/college-saint-pierre\\\/orientation-pedagogique\\\/les-6emes-a-theme\\\/#primaryimage\",\"url\":\"https:\\\/\\\/steanne-stpierre-portlouis.bzh\\\/college-saint-pierre\\\/wp-content\\\/uploads\\\/sites\\\/3\\\/2022\\\/01\\\/Capture-4.png\",\"contentUrl\":\"https:\\\/\\\/steanne-stpierre-portlouis.bzh\\\/college-saint-pierre\\\/wp-content\\\/uploads\\\/sites\\\/3\\\/2022\\\/01\\\/Capture-4.png\",\"width\":1356,\"height\":428},{\"@type\":\"BreadcrumbList\",\"@id\":\"https:\\\/\\\/steanne-stpierre-portlouis.bzh\\\/college-saint-pierre\\\/orientation-pedagogique\\\/les-6emes-a-theme\\\/#breadcrumb\",\"itemListElement\":[{\"@type\":\"ListItem\",\"position\":1,\"name\":\"Accueil\",\"item\":\"https:\\\/\\\/steanne-stpierre-portlouis.bzh\\\/college-saint-pierre\\\/\"},{\"@type\":\"ListItem\",\"position\":2,\"name\":\"PROJET PEDAGOGIQUE\",\"item\":\"https:\\\/\\\/steanne-stpierre-portlouis.bzh\\\/college-saint-pierre\\\/orientation-pedagogique\\\/\"},{\"@type\":\"ListItem\",\"position\":3,\"name\":\"LA CLASSE DE 6EME\"}]},{\"@type\":\"WebSite\",\"@id\":\"https:\\\/\\\/steanne-stpierre-portlouis.bzh\\\/college-saint-pierre\\\/#website\",\"url\":\"https:\\\/\\\/steanne-stpierre-portlouis.bzh\\\/college-saint-pierre\\\/\",\"name\":\"Coll\u00e8ge Saint-Pierre\",\"description\":\"Un site utilisant Ensemble scolaire Port Louis\",\"publisher\":{\"@id\":\"https:\\\/\\\/steanne-stpierre-portlouis.bzh\\\/college-saint-pierre\\\/#organization\"},\"potentialAction\":[{\"@type\":\"SearchAction\",\"target\":{\"@type\":\"EntryPoint\",\"urlTemplate\":\"https:\\\/\\\/steanne-stpierre-portlouis.bzh\\\/college-saint-pierre\\\/?s={search_term_string}\"},\"query-input\":{\"@type\":\"PropertyValueSpecification\",\"valueRequired\":true,\"valueName\":\"search_term_string\"}}],\"inLanguage\":\"fr-FR\"},{\"@type\":\"Organization\",\"@id\":\"https:\\\/\\\/steanne-stpierre-portlouis.bzh\\\/college-saint-pierre\\\/#organization\",\"name\":\"Coll\u00e8ge Saint-Pierre\",\"url\":\"https:\\\/\\\/steanne-stpierre-portlouis.bzh\\\/college-saint-pierre\\\/\",\"logo\":{\"@type\":\"ImageObject\",\"inLanguage\":\"fr-FR\",\"@id\":\"https:\\\/\\\/steanne-stpierre-portlouis.bzh\\\/college-saint-pierre\\\/#\\\/schema\\\/logo\\\/image\\\/\",\"url\":\"https:\\\/\\\/steanne-stpierre-portlouis.bzh\\\/college-saint-pierre\\\/wp-content\\\/uploads\\\/sites\\\/3\\\/2021\\\/05\\\/logo-stpierre.png\",\"contentUrl\":\"https:\\\/\\\/steanne-stpierre-portlouis.bzh\\\/college-saint-pierre\\\/wp-content\\\/uploads\\\/sites\\\/3\\\/2021\\\/05\\\/logo-stpierre.png\",\"width\":246,\"height\":187,\"caption\":\"Coll\u00e8ge Saint-Pierre\"},\"image\":{\"@id\":\"https:\\\/\\\/steanne-stpierre-portlouis.bzh\\\/college-saint-pierre\\\/#\\\/schema\\\/logo\\\/image\\\/\"}}]}<\/script>\n<!-- \/ Yoast SEO plugin. -->","yoast_head_json":{"title":"LA CLASSE DE 6EME - Coll\u00e8ge Saint-Pierre","robots":{"index":"index","follow":"follow","max-snippet":"max-snippet:-1","max-image-preview":"max-image-preview:large","max-video-preview":"max-video-preview:-1"},"canonical":"https:\/\/steanne-stpierre-portlouis.bzh\/college-saint-pierre\/orientation-pedagogique\/les-6emes-a-theme\/","og_locale":"fr_FR","og_type":"article","og_title":"LA CLASSE DE 6EME - Coll\u00e8ge Saint-Pierre","og_description":"Un nouvel \u00e9tablissement Des nouvelles mati\u00e8res Plusieurs professeurs dont un professeur principal Des nouveaux camarades C&rsquo;est aussi des changements au niveau de l&rsquo;organisation: D\u00e9sormais,\u00a0l&rsquo;\u00e9l\u00e8ve de 6\u00e8me a un professeur par [&hellip;]","og_url":"https:\/\/steanne-stpierre-portlouis.bzh\/college-saint-pierre\/orientation-pedagogique\/les-6emes-a-theme\/","og_site_name":"Coll\u00e8ge Saint-Pierre","article_modified_time":"2022-01-20T16:21:56+00:00","og_image":[{"url":"https:\/\/steanne-stpierre-portlouis.bzh\/college-saint-pierre\/wp-content\/uploads\/sites\/3\/2022\/01\/Capture-4-1024x323.png","type":"","width":"","height":""}],"twitter_card":"summary_large_image","twitter_misc":{"Dur\u00e9e de lecture estim\u00e9e":"2 minutes"},"schema":{"@context":"https:\/\/schema.org","@graph":[{"@type":"WebPage","@id":"https:\/\/steanne-stpierre-portlouis.bzh\/college-saint-pierre\/orientation-pedagogique\/les-6emes-a-theme\/","url":"https:\/\/steanne-stpierre-portlouis.bzh\/college-saint-pierre\/orientation-pedagogique\/les-6emes-a-theme\/","name":"LA CLASSE DE 6EME - Coll\u00e8ge Saint-Pierre","isPartOf":{"@id":"https:\/\/steanne-stpierre-portlouis.bzh\/college-saint-pierre\/#website"},"primaryImageOfPage":{"@id":"https:\/\/steanne-stpierre-portlouis.bzh\/college-saint-pierre\/orientation-pedagogique\/les-6emes-a-theme\/#primaryimage"},"image":{"@id":"https:\/\/steanne-stpierre-portlouis.bzh\/college-saint-pierre\/orientation-pedagogique\/les-6emes-a-theme\/#primaryimage"},"thumbnailUrl":"https:\/\/steanne-stpierre-portlouis.bzh\/college-saint-pierre\/wp-content\/uploads\/sites\/3\/2022\/01\/Capture-4-1024x323.png","datePublished":"2021-10-19T14:23:50+00:00","dateModified":"2022-01-20T16:21:56+00:00","breadcrumb":{"@id":"https:\/\/steanne-stpierre-portlouis.bzh\/college-saint-pierre\/orientation-pedagogique\/les-6emes-a-theme\/#breadcrumb"},"inLanguage":"fr-FR","potentialAction":[{"@type":"ReadAction","target":["https:\/\/steanne-stpierre-portlouis.bzh\/college-saint-pierre\/orientation-pedagogique\/les-6emes-a-theme\/"]}]},{"@type":"ImageObject","inLanguage":"fr-FR","@id":"https:\/\/steanne-stpierre-portlouis.bzh\/college-saint-pierre\/orientation-pedagogique\/les-6emes-a-theme\/#primaryimage","url":"https:\/\/steanne-stpierre-portlouis.bzh\/college-saint-pierre\/wp-content\/uploads\/sites\/3\/2022\/01\/Capture-4.png","contentUrl":"https:\/\/steanne-stpierre-portlouis.bzh\/college-saint-pierre\/wp-content\/uploads\/sites\/3\/2022\/01\/Capture-4.png","width":1356,"height":428},{"@type":"BreadcrumbList","@id":"https:\/\/steanne-stpierre-portlouis.bzh\/college-saint-pierre\/orientation-pedagogique\/les-6emes-a-theme\/#breadcrumb","itemListElement":[{"@type":"ListItem","position":1,"name":"Accueil","item":"https:\/\/steanne-stpierre-portlouis.bzh\/college-saint-pierre\/"},{"@type":"ListItem","position":2,"name":"PROJET PEDAGOGIQUE","item":"https:\/\/steanne-stpierre-portlouis.bzh\/college-saint-pierre\/orientation-pedagogique\/"},{"@type":"ListItem","position":3,"name":"LA CLASSE DE 6EME"}]},{"@type":"WebSite","@id":"https:\/\/steanne-stpierre-portlouis.bzh\/college-saint-pierre\/#website","url":"https:\/\/steanne-stpierre-portlouis.bzh\/college-saint-pierre\/","name":"Coll\u00e8ge Saint-Pierre","description":"Un site utilisant Ensemble scolaire Port Louis","publisher":{"@id":"https:\/\/steanne-stpierre-portlouis.bzh\/college-saint-pierre\/#organization"},"potentialAction":[{"@type":"SearchAction","target":{"@type":"EntryPoint","urlTemplate":"https:\/\/steanne-stpierre-portlouis.bzh\/college-saint-pierre\/?s={search_term_string}"},"query-input":{"@type":"PropertyValueSpecification","valueRequired":true,"valueName":"search_term_string"}}],"inLanguage":"fr-FR"},{"@type":"Organization","@id":"https:\/\/steanne-stpierre-portlouis.bzh\/college-saint-pierre\/#organization","name":"Coll\u00e8ge Saint-Pierre","url":"https:\/\/steanne-stpierre-portlouis.bzh\/college-saint-pierre\/","logo":{"@type":"ImageObject","inLanguage":"fr-FR","@id":"https:\/\/steanne-stpierre-portlouis.bzh\/college-saint-pierre\/#\/schema\/logo\/image\/","url":"https:\/\/steanne-stpierre-portlouis.bzh\/college-saint-pierre\/wp-content\/uploads\/sites\/3\/2021\/05\/logo-stpierre.png","contentUrl":"https:\/\/steanne-stpierre-portlouis.bzh\/college-saint-pierre\/wp-content\/uploads\/sites\/3\/2021\/05\/logo-stpierre.png","width":246,"height":187,"caption":"Coll\u00e8ge Saint-Pierre"},"image":{"@id":"https:\/\/steanne-stpierre-portlouis.bzh\/college-saint-pierre\/#\/schema\/logo\/image\/"}}]}},"_links":{"self":[{"href":"https:\/\/steanne-stpierre-portlouis.bzh\/college-saint-pierre\/wp-json\/wp\/v2\/pages\/422","targetHints":{"allow":["GET"]}}],"collection":[{"href":"https:\/\/steanne-stpierre-portlouis.bzh\/college-saint-pierre\/wp-json\/wp\/v2\/pages"}],"about":[{"href":"https:\/\/steanne-stpierre-portlouis.bzh\/college-saint-pierre\/wp-json\/wp\/v2\/types\/page"}],"author":[{"embeddable":true,"href":"https:\/\/steanne-stpierre-portlouis.bzh\/college-saint-pierre\/wp-json\/wp\/v2\/users\/7"}],"replies":[{"embeddable":true,"href":"https:\/\/steanne-stpierre-portlouis.bzh\/college-saint-pierre\/wp-json\/wp\/v2\/comments?post=422"}],"version-history":[{"count":9,"href":"https:\/\/steanne-stpierre-portlouis.bzh\/college-saint-pierre\/wp-json\/wp\/v2\/pages\/422\/revisions"}],"predecessor-version":[{"id":996,"href":"https:\/\/steanne-stpierre-portlouis.bzh\/college-saint-pierre\/wp-json\/wp\/v2\/pages\/422\/revisions\/996"}],"up":[{"embeddable":true,"href":"https:\/\/steanne-stpierre-portlouis.bzh\/college-saint-pierre\/wp-json\/wp\/v2\/pages\/10"}],"wp:attachment":[{"href":"https:\/\/steanne-stpierre-portlouis.bzh\/college-saint-pierre\/wp-json\/wp\/v2\/media?parent=422"}],"curies":[{"name":"wp","href":"https:\/\/api.w.org\/{rel}","templated":true}]}}