{"id":59,"date":"2021-04-26T16:11:17","date_gmt":"2021-04-26T14:11:17","guid":{"rendered":"https:\/\/steanne-stpierre-portlouis.bzh\/ecole-sainte-anne\/?page_id=59"},"modified":"2021-04-26T16:11:17","modified_gmt":"2021-04-26T14:11:17","slug":"plan-du-site","status":"publish","type":"page","link":"https:\/\/steanne-stpierre-portlouis.bzh\/ecole-sainte-anne\/plan-du-site\/","title":{"rendered":"Plan du site"},"content":{"rendered":"<div class=\"wsp-container\"><h2 class=\"wsp-pages-title\">Pages<\/h2>\n<ul class=\"wsp-pages-list\">\n<li class=\"page_item page-item-2\"><a href=\"https:\/\/steanne-stpierre-portlouis.bzh\/ecole-sainte-anne\/\">Accueil<\/a><\/li>\n<li class=\"page_item page-item-5 current_page_parent\"><a href=\"https:\/\/steanne-stpierre-portlouis.bzh\/ecole-sainte-anne\/actualites\/\">Actualit\u00e9s<\/a><\/li>\n<li class=\"page_item page-item-3173 page_item_has_children\"><a href=\"https:\/\/steanne-stpierre-portlouis.bzh\/ecole-sainte-anne\/archives\/\">ARCHIVES<\/a>\n<ul class='children'>\n\t<li class=\"page_item page-item-333\"><a href=\"https:\/\/steanne-stpierre-portlouis.bzh\/ecole-sainte-anne\/archives\/presse\/\">Presse<\/a><\/li>\n<\/ul>\n<\/li>\n<li class=\"page_item page-item-13 page_item_has_children\"><a href=\"https:\/\/steanne-stpierre-portlouis.bzh\/ecole-sainte-anne\/associations\/\">Associations<\/a>\n<ul class='children'>\n\t<li class=\"page_item page-item-292\"><a href=\"https:\/\/steanne-stpierre-portlouis.bzh\/ecole-sainte-anne\/associations\/apel\/\">APEL<\/a><\/li>\n\t<li class=\"page_item page-item-262\"><a href=\"https:\/\/steanne-stpierre-portlouis.bzh\/ecole-sainte-anne\/associations\/ogec\/\">OGEC<\/a><\/li>\n<\/ul>\n<\/li>\n<li class=\"page_item page-item-2303\"><a href=\"https:\/\/steanne-stpierre-portlouis.bzh\/ecole-sainte-anne\/assurance\/\">ASSURANCE<\/a><\/li>\n<li class=\"page_item page-item-549\"><a href=\"https:\/\/steanne-stpierre-portlouis.bzh\/ecole-sainte-anne\/bienvenue-sur-le-site-de-lecole-ste-anne\/\">Bienvenue sur le site de l&rsquo;\u00e9cole Ste Anne !<\/a><\/li>\n<li class=\"page_item page-item-1063\"><a href=\"https:\/\/steanne-stpierre-portlouis.bzh\/ecole-sainte-anne\/calendrier-scolaire\/\">Calendrier scolaire<\/a><\/li>\n<li class=\"page_item page-item-9\"><a href=\"https:\/\/steanne-stpierre-portlouis.bzh\/ecole-sainte-anne\/contact\/\">Contact<\/a><\/li>\n<li class=\"page_item page-item-442\"><a href=\"https:\/\/steanne-stpierre-portlouis.bzh\/ecole-sainte-anne\/cp\/\">CP<\/a><\/li>\n<li class=\"page_item page-item-15 page_item_has_children\"><a href=\"https:\/\/steanne-stpierre-portlouis.bzh\/ecole-sainte-anne\/focus-sur-lannee\/\">Focus sur l&rsquo;ann\u00e9e<\/a>\n<ul class='children'>\n\t<li class=\"page_item page-item-320\"><a href=\"https:\/\/steanne-stpierre-portlouis.bzh\/ecole-sainte-anne\/focus-sur-lannee\/calendrier-scolaire\/\">Calendrier scolaire<\/a><\/li>\n\t<li class=\"page_item page-item-327\"><a href=\"https:\/\/steanne-stpierre-portlouis.bzh\/ecole-sainte-anne\/focus-sur-lannee\/circulaires-de-rentree\/\">Circulaires de rentr\u00e9e<\/a><\/li>\n\t<li class=\"page_item page-item-363\"><a href=\"https:\/\/steanne-stpierre-portlouis.bzh\/ecole-sainte-anne\/focus-sur-lannee\/fournitures-scolaires\/\">Fournitures scolaires<\/a><\/li>\n\t<li class=\"page_item page-item-570\"><a href=\"https:\/\/steanne-stpierre-portlouis.bzh\/ecole-sainte-anne\/focus-sur-lannee\/projets-dannee\/\">Projets d&rsquo;ann\u00e9e<\/a><\/li>\n<\/ul>\n<\/li>\n<li class=\"page_item page-item-834 page_item_has_children\"><a href=\"https:\/\/steanne-stpierre-portlouis.bzh\/ecole-sainte-anne\/pratique\/\">Informations diverses<\/a>\n<ul class='children'>\n\t<li class=\"page_item page-item-484\"><a href=\"https:\/\/steanne-stpierre-portlouis.bzh\/ecole-sainte-anne\/pratique\/apc\/\">APC<\/a><\/li>\n\t<li class=\"page_item page-item-341\"><a href=\"https:\/\/steanne-stpierre-portlouis.bzh\/ecole-sainte-anne\/pratique\/contrat-de-scolarisation\/\">Contrat de scolarisation<\/a><\/li>\n\t<li class=\"page_item page-item-311\"><a href=\"https:\/\/steanne-stpierre-portlouis.bzh\/ecole-sainte-anne\/pratique\/coordonnees\/\">Coordonn\u00e9es<\/a><\/li>\n\t<li class=\"page_item page-item-314\"><a href=\"https:\/\/steanne-stpierre-portlouis.bzh\/ecole-sainte-anne\/pratique\/horaires\/\">Horaires<\/a><\/li>\n\t<li class=\"page_item page-item-317\"><a href=\"https:\/\/steanne-stpierre-portlouis.bzh\/ecole-sainte-anne\/pratique\/inscription\/\">Inscription<\/a><\/li>\n<\/ul>\n<\/li>\n<li class=\"page_item page-item-7 page_item_has_children\"><a href=\"https:\/\/steanne-stpierre-portlouis.bzh\/ecole-sainte-anne\/lecole\/\">L&rsquo;\u00c9cole<\/a>\n<ul class='children'>\n\t<li class=\"page_item page-item-281\"><a href=\"https:\/\/steanne-stpierre-portlouis.bzh\/ecole-sainte-anne\/lecole\/equipe-educative\/\">Equipe \u00e9ducative<\/a><\/li>\n\t<li class=\"page_item page-item-646\"><a href=\"https:\/\/steanne-stpierre-portlouis.bzh\/ecole-sainte-anne\/lecole\/la-classe-maternelle\/\">La classe maternelle<\/a><\/li>\n\t<li class=\"page_item page-item-284\"><a href=\"https:\/\/steanne-stpierre-portlouis.bzh\/ecole-sainte-anne\/lecole\/pastorale\/\">Pastorale<\/a><\/li>\n\t<li class=\"page_item page-item-257\"><a href=\"https:\/\/steanne-stpierre-portlouis.bzh\/ecole-sainte-anne\/lecole\/projet\/\">Projet d&rsquo;\u00e9tablissement<\/a><\/li>\n<\/ul>\n<\/li>\n<li class=\"page_item page-item-438\"><a href=\"https:\/\/steanne-stpierre-portlouis.bzh\/ecole-sainte-anne\/maternelle\/\">Maternelle<\/a><\/li>\n<li class=\"page_item page-item-17 page_item_has_children\"><a href=\"https:\/\/steanne-stpierre-portlouis.bzh\/ecole-sainte-anne\/medias\/\">M\u00e9dias<\/a>\n<ul class='children'>\n\t<li class=\"page_item page-item-844\"><a href=\"https:\/\/steanne-stpierre-portlouis.bzh\/ecole-sainte-anne\/medias\/videos\/\">Vid\u00e9os<\/a><\/li>\n<\/ul>\n<\/li>\n<li class=\"page_item page-item-61\"><a href=\"https:\/\/steanne-stpierre-portlouis.bzh\/ecole-sainte-anne\/mentions-legales\/\">Mentions l\u00e9gales<\/a><\/li>\n<li class=\"page_item page-item-59\"><a href=\"https:\/\/steanne-stpierre-portlouis.bzh\/ecole-sainte-anne\/plan-du-site\/\">Plan du site<\/a><\/li>\n<li class=\"page_item page-item-63\"><a href=\"https:\/\/steanne-stpierre-portlouis.bzh\/ecole-sainte-anne\/politique-de-confidentialite\/\">Politique de confidentialit\u00e9<\/a><\/li>\n<li class=\"page_item page-item-2296\"><a href=\"https:\/\/steanne-stpierre-portlouis.bzh\/ecole-sainte-anne\/ppms\/\">PPMS<\/a><\/li>\n<\/ul>\n<h2 class=\"wsp-posts-title\">Articles par cat\u00e9gorie<\/h2>\n<ul class=\"wsp-posts-list\">\n\t<li><strong class=\"wsp-category-title\">Cat\u00e9gorie\u00a0: <a href=\"https:\/\/steanne-stpierre-portlouis.bzh\/ecole-sainte-anne\/category\/gs-cp\/\">GS-CP<\/a><\/strong>\n<ul class=\"wsp-posts-list\">\t\t<li class=\"wsp-post\"><a href=\"https:\/\/steanne-stpierre-portlouis.bzh\/ecole-sainte-anne\/on-fete-paques\/\">On f\u00eate P\u00e2ques !<\/a> (07\/04\/2026)<\/li>\n\t\t<li class=\"wsp-post\"><a href=\"https:\/\/steanne-stpierre-portlouis.bzh\/ecole-sainte-anne\/piscine-pour-les-gs-cp-ce1-et-ce2\/\">Piscine pour les GS, CP, CE1 et CE2<\/a> (01\/04\/2026)<\/li>\n\t\t<li class=\"wsp-post\"><a href=\"https:\/\/steanne-stpierre-portlouis.bzh\/ecole-sainte-anne\/retrospective-gs-cp\/\">Retrospective GS CP<\/a> (30\/01\/2026)<\/li>\n\t\t<li class=\"wsp-post\"><a href=\"https:\/\/steanne-stpierre-portlouis.bzh\/ecole-sainte-anne\/une-soupe-aux-legumes-dautomne\/\">Une soupe aux l\u00e9gumes d&rsquo;automne<\/a> (04\/12\/2025)<\/li>\n\t\t<li class=\"wsp-post\"><a href=\"https:\/\/steanne-stpierre-portlouis.bzh\/ecole-sainte-anne\/pommes-damour-a-la-mediatheque\/\">\u00ab\u00a0Pommes d&rsquo;Amour\u00a0\u00bb \u00e0 la m\u00e9diath\u00e8que<\/a> (14\/10\/2025)<\/li>\n\t\t<li class=\"wsp-post\"><a href=\"https:\/\/steanne-stpierre-portlouis.bzh\/ecole-sainte-anne\/le-monde-des-petites-betes\/\">Le monde des petites b\u00eates<\/a> (29\/09\/2025)<\/li>\n\t\t<li class=\"wsp-post\"><a href=\"https:\/\/steanne-stpierre-portlouis.bzh\/ecole-sainte-anne\/la-star-of-the-week\/\">La Star of the Week<\/a> (11\/02\/2025)<\/li>\n\t\t<li class=\"wsp-post\"><a href=\"https:\/\/steanne-stpierre-portlouis.bzh\/ecole-sainte-anne\/semaine-des-langues-2023\/\">SEMAINE DES LANGUES 2023 :<\/a> (28\/05\/2023)<\/li>\n\t\t<li class=\"wsp-post\"><a href=\"https:\/\/steanne-stpierre-portlouis.bzh\/ecole-sainte-anne\/en-avant-pour-le-spectacle\/\">En avant pour le spectacle !<\/a> (10\/05\/2023)<\/li>\n\t\t<li class=\"wsp-post\"><a href=\"https:\/\/steanne-stpierre-portlouis.bzh\/ecole-sainte-anne\/semaine-olympique-paralympique\/\">SEMAINE OLYMPIQUE\/PARALYMPIQUE<\/a> (11\/04\/2023)<\/li>\n\t\t<li class=\"wsp-post\"><a href=\"https:\/\/steanne-stpierre-portlouis.bzh\/ecole-sainte-anne\/sport-et-cooperation-en-gs-cp\/\">Sport et coop\u00e9ration en GS-CP<\/a> (29\/03\/2023)<\/li>\n\t\t<li class=\"wsp-post\"><a href=\"https:\/\/steanne-stpierre-portlouis.bzh\/ecole-sainte-anne\/repas-solidaire-2\/\">Repas solidaire<\/a> (04\/02\/2023)<\/li>\n\t\t<li class=\"wsp-post\"><a href=\"https:\/\/steanne-stpierre-portlouis.bzh\/ecole-sainte-anne\/bonne-annee-2\/\">BONNE ANNEE !<\/a> (14\/01\/2023)<\/li>\n\t\t<li class=\"wsp-post\"><a href=\"https:\/\/steanne-stpierre-portlouis.bzh\/ecole-sainte-anne\/les-cabines-de-plage-de-port-louis\/\">LES CABINES DE PLAGE DE PORT-LOUIS<\/a> (27\/10\/2022)<\/li>\n\t\t<li class=\"wsp-post\"><a href=\"https:\/\/steanne-stpierre-portlouis.bzh\/ecole-sainte-anne\/vive-le-sport\/\">Vive le sport !<\/a> (28\/09\/2022)<\/li>\n\t\t<li class=\"wsp-post\"><a href=\"https:\/\/steanne-stpierre-portlouis.bzh\/ecole-sainte-anne\/silence-on-lit\/\">\u00ab\u00a0Silence , on lit !\u00a0\u00bb<\/a> (22\/09\/2022)<\/li>\n\t\t<li class=\"wsp-post\"><a href=\"https:\/\/steanne-stpierre-portlouis.bzh\/ecole-sainte-anne\/seance-a-la-mediatheque\/\">S\u00e9ance \u00e0 la m\u00e9diath\u00e8que<\/a> (22\/09\/2022)<\/li>\n\t\t<li class=\"wsp-post\"><a href=\"https:\/\/steanne-stpierre-portlouis.bzh\/ecole-sainte-anne\/projet-plancton-episode-n-3-le-petit-peuple-de-leau-nous-inspire\/\">Projet plancton  \u00e9pisode n\u00b0 3 : le petit peuple de l&rsquo;eau nous inspire !<\/a> (20\/03\/2022)<\/li>\n\t\t<li class=\"wsp-post\"><a href=\"https:\/\/steanne-stpierre-portlouis.bzh\/ecole-sainte-anne\/projet-plancton-episode-n2-decouverte-du-plancton-au-microscope\/\">Projet Plancton \u00e9pisode n\u00b02: D\u00e9couverte du plancton au microscope<\/a> (12\/03\/2022)<\/li>\n<\/ul><\/li>\n\t<li><strong class=\"wsp-category-title\">Cat\u00e9gorie\u00a0: <a href=\"https:\/\/steanne-stpierre-portlouis.bzh\/ecole-sainte-anne\/category\/maternelle\/\">Maternelle<\/a><\/strong>\n<ul class=\"wsp-posts-list\">\t\t<li class=\"wsp-post\"><a href=\"https:\/\/steanne-stpierre-portlouis.bzh\/ecole-sainte-anne\/preparation-du-potager\/\">Pr\u00e9paration du potager<\/a> (26\/03\/2026)<\/li>\n\t\t<li class=\"wsp-post\"><a href=\"https:\/\/steanne-stpierre-portlouis.bzh\/ecole-sainte-anne\/que-de-fetes\/\">Que de f\u00eates !<\/a> (16\/01\/2026)<\/li>\n\t\t<li class=\"wsp-post\"><a href=\"https:\/\/steanne-stpierre-portlouis.bzh\/ecole-sainte-anne\/le-temps-de-lavent-2\/\">Le temps de l&rsquo;Avent<\/a> (05\/12\/2025)<\/li>\n\t\t<li class=\"wsp-post\"><a href=\"https:\/\/steanne-stpierre-portlouis.bzh\/ecole-sainte-anne\/un-peu-de-cuisine\/\">Un peu de cuisine<\/a> (12\/09\/2025)<\/li>\n\t\t<li class=\"wsp-post\"><a href=\"https:\/\/steanne-stpierre-portlouis.bzh\/ecole-sainte-anne\/peche-a-pied\/\">P\u00eache \u00e0 pied<\/a> (12\/09\/2025)<\/li>\n\t\t<li class=\"wsp-post\"><a href=\"https:\/\/steanne-stpierre-portlouis.bzh\/ecole-sainte-anne\/rencontre-sportive-du-reseau\/\">Rencontre sportive du r\u00e9seau<\/a> (22\/06\/2025)<\/li>\n\t\t<li class=\"wsp-post\"><a href=\"https:\/\/steanne-stpierre-portlouis.bzh\/ecole-sainte-anne\/les-maternelles-a-calamity-jane\/\">Les maternelles \u00e0 CALAMITY JANE<\/a> (16\/05\/2025)<\/li>\n\t\t<li class=\"wsp-post\"><a href=\"https:\/\/steanne-stpierre-portlouis.bzh\/ecole-sainte-anne\/mardi-gras-2\/\">Mardi-gras<\/a> (19\/03\/2025)<\/li>\n\t\t<li class=\"wsp-post\"><a href=\"https:\/\/steanne-stpierre-portlouis.bzh\/ecole-sainte-anne\/des-reines-des-rois\/\">Des reines, des rois !<\/a> (07\/02\/2025)<\/li>\n\t\t<li class=\"wsp-post\"><a href=\"https:\/\/steanne-stpierre-portlouis.bzh\/ecole-sainte-anne\/en-route-vers-noel-2\/\">En route vers No\u00ebl<\/a> (20\/12\/2024)<\/li>\n\t\t<li class=\"wsp-post\"><a href=\"https:\/\/steanne-stpierre-portlouis.bzh\/ecole-sainte-anne\/chaudoudoux\/\">Chaudoudoux<\/a> (21\/11\/2024)<\/li>\n\t\t<li class=\"wsp-post\"><a href=\"https:\/\/steanne-stpierre-portlouis.bzh\/ecole-sainte-anne\/premiere-seance-a-la-mediatheque\/\">Premi\u00e8re s\u00e9ance \u00e0 la m\u00e9diath\u00e8que<\/a> (25\/09\/2024)<\/li>\n\t\t<li class=\"wsp-post\"><a href=\"https:\/\/steanne-stpierre-portlouis.bzh\/ecole-sainte-anne\/peche-a-pied-en-maternelle\/\">P\u00eache \u00e0 pied en maternelle<\/a> (19\/09\/2024)<\/li>\n\t\t<li class=\"wsp-post\"><a href=\"https:\/\/steanne-stpierre-portlouis.bzh\/ecole-sainte-anne\/matinee-sportive-du-reseau\/\">Matin\u00e9e sportive du r\u00e9seau<\/a> (12\/06\/2024)<\/li>\n\t\t<li class=\"wsp-post\"><a href=\"https:\/\/steanne-stpierre-portlouis.bzh\/ecole-sainte-anne\/safari-scolaire-les-ecoliers-en-visite-aux-terres-de-natae\/\">Safari Scolaire : Les \u00c9coliers en visite aux Terres de Nata\u00e9.<\/a> (26\/05\/2024)<\/li>\n\t\t<li class=\"wsp-post\"><a href=\"https:\/\/steanne-stpierre-portlouis.bzh\/ecole-sainte-anne\/sortie-aux-terres-de-natae\/\">Sortie aux Terres de Nata\u00e9<\/a> (22\/05\/2024)<\/li>\n\t\t<li class=\"wsp-post\"><a href=\"https:\/\/steanne-stpierre-portlouis.bzh\/ecole-sainte-anne\/mardi-gras\/\">Mardi-gras<\/a> (28\/02\/2024)<\/li>\n\t\t<li class=\"wsp-post\"><a href=\"https:\/\/steanne-stpierre-portlouis.bzh\/ecole-sainte-anne\/epiphanie\/\">Epiphanie<\/a> (24\/01\/2024)<\/li>\n\t\t<li class=\"wsp-post\"><a href=\"https:\/\/steanne-stpierre-portlouis.bzh\/ecole-sainte-anne\/chaque-jour-de-leps\/\">Chaque jour, de l&rsquo;EPS !<\/a> (19\/10\/2023)<\/li>\n\t\t<li class=\"wsp-post\"><a href=\"https:\/\/steanne-stpierre-portlouis.bzh\/ecole-sainte-anne\/rencontre-sportive-maternelle-du-reseau\/\">Rencontre sportive maternelle du r\u00e9seau<\/a> (26\/05\/2023)<\/li>\n\t\t<li class=\"wsp-post\"><a href=\"https:\/\/steanne-stpierre-portlouis.bzh\/ecole-sainte-anne\/lepiphanie-en-maternelle\/\">L&rsquo;Epiphanie en maternelle<\/a> (27\/01\/2023)<\/li>\n\t\t<li class=\"wsp-post\"><a href=\"https:\/\/steanne-stpierre-portlouis.bzh\/ecole-sainte-anne\/quotidien-en-maternelle\/\">Quotidien en maternelle<\/a> (27\/01\/2023)<\/li>\n\t\t<li class=\"wsp-post\"><a href=\"https:\/\/steanne-stpierre-portlouis.bzh\/ecole-sainte-anne\/observation-active-du-monde-vegetal\/\">Observation active du monde v\u00e9g\u00e9tal<\/a> (22\/09\/2022)<\/li>\n\t\t<li class=\"wsp-post\"><a href=\"https:\/\/steanne-stpierre-portlouis.bzh\/ecole-sainte-anne\/rencontre-sportive-des-maternelles-du-reseau-de-port-louis\/\">Rencontre sportive des maternelles du r\u00e9seau de Port-Louis<\/a> (06\/06\/2022)<\/li>\n\t\t<li class=\"wsp-post\"><a href=\"https:\/\/steanne-stpierre-portlouis.bzh\/ecole-sainte-anne\/oceanopolis-maternelle\/\">Oc\u00e9anopolis maternelle<\/a> (06\/06\/2022)<\/li>\n\t\t<li class=\"wsp-post\"><a href=\"https:\/\/steanne-stpierre-portlouis.bzh\/ecole-sainte-anne\/cest-le-printemps-plantations\/\">C&rsquo;est le printemps, plantations !<\/a> (05\/04\/2022)<\/li>\n\t\t<li class=\"wsp-post\"><a href=\"https:\/\/steanne-stpierre-portlouis.bzh\/ecole-sainte-anne\/au-musee-de-la-marine\/\">Au mus\u00e9e de la Marine<\/a> (13\/03\/2022)<\/li>\n\t\t<li class=\"wsp-post\"><a href=\"https:\/\/steanne-stpierre-portlouis.bzh\/ecole-sainte-anne\/un-peu-de-yoga\/\">Un peu de YOGA<\/a> (28\/01\/2022)<\/li>\n\t\t<li class=\"wsp-post\"><a href=\"https:\/\/steanne-stpierre-portlouis.bzh\/ecole-sainte-anne\/lepiphanie-la-galette-les-reines-et-les-rois\/\">L&rsquo;\u00e9piphanie, la galette, les reines et les rois<\/a> (28\/01\/2022)<\/li>\n\t\t<li class=\"wsp-post\"><a href=\"https:\/\/steanne-stpierre-portlouis.bzh\/ecole-sainte-anne\/en-route-pour-noel\/\">En route pour No\u00ebl<\/a> (12\/12\/2021)<\/li>\n\t\t<li class=\"wsp-post\"><a href=\"https:\/\/steanne-stpierre-portlouis.bzh\/ecole-sainte-anne\/de-la-mer-a-la-classe\/\">De la mer \u00e0 la classe<\/a> (26\/11\/2021)<\/li>\n\t\t<li class=\"wsp-post\"><a href=\"https:\/\/steanne-stpierre-portlouis.bzh\/ecole-sainte-anne\/motricite\/\">Motricit\u00e9<\/a> (26\/11\/2021)<\/li>\n<\/ul><\/li>\n\t<li><strong class=\"wsp-category-title\">Cat\u00e9gorie\u00a0: <a href=\"https:\/\/steanne-stpierre-portlouis.bzh\/ecole-sainte-anne\/category\/cp\/\">CP<\/a><\/strong>\n<ul class=\"wsp-posts-list\">\t\t<li class=\"wsp-post\"><a href=\"https:\/\/steanne-stpierre-portlouis.bzh\/ecole-sainte-anne\/nos-eleves-chaussent-les-patins-chaque-jeudi\/\">Nos \u00e9l\u00e8ves chaussent les patins chaque jeudi !<\/a> (02\/10\/2025)<\/li>\n\t\t<li class=\"wsp-post\"><a href=\"https:\/\/steanne-stpierre-portlouis.bzh\/ecole-sainte-anne\/journee-sportive-de-reseau-cp-ce1-ce2\/\">Journ\u00e9e sportive de r\u00e9seau CP-CE1-CE2.<\/a> (15\/06\/2024)<\/li>\n\t\t<li class=\"wsp-post\"><a href=\"https:\/\/steanne-stpierre-portlouis.bzh\/ecole-sainte-anne\/projet-mythologie-cp-ce\/\">Projet mythologie &#8211; CP\/CE<\/a> (17\/04\/2024)<\/li>\n\t\t<li class=\"wsp-post\"><a href=\"https:\/\/steanne-stpierre-portlouis.bzh\/ecole-sainte-anne\/semaine-olympique-et-paralympique-cp-ce\/\">Semaine olympique et paralympique &#8211; CP\/CE<\/a> (17\/04\/2024)<\/li>\n\t\t<li class=\"wsp-post\"><a href=\"https:\/\/steanne-stpierre-portlouis.bzh\/ecole-sainte-anne\/cycle-de-natation-cp-ce\/\">Cycle de natation &#8211; CP\/CE<\/a> (17\/04\/2024)<\/li>\n\t\t<li class=\"wsp-post\"><a href=\"https:\/\/steanne-stpierre-portlouis.bzh\/ecole-sainte-anne\/vue-mer\/\">Vue mer<\/a> (27\/10\/2022)<\/li>\n\t\t<li class=\"wsp-post\"><a href=\"https:\/\/steanne-stpierre-portlouis.bzh\/ecole-sainte-anne\/oceanopolis\/\">OCEANOPOLIS<\/a> (29\/05\/2022)<\/li>\n\t\t<li class=\"wsp-post\"><a href=\"https:\/\/steanne-stpierre-portlouis.bzh\/ecole-sainte-anne\/sautscourses-et-lancers-en-cp\/\">Sauts,courses et lancers en CP<\/a> (03\/05\/2022)<\/li>\n\t\t<li class=\"wsp-post\"><a href=\"https:\/\/steanne-stpierre-portlouis.bzh\/ecole-sainte-anne\/retours-dauteur\/\">Retours d&rsquo;auteur<\/a> (13\/03\/2022)<\/li>\n\t\t<li class=\"wsp-post\"><a href=\"https:\/\/steanne-stpierre-portlouis.bzh\/ecole-sainte-anne\/a-la-peche-avec-lobservatoire-du-plancton\/\">A la p\u00eache avec l&rsquo;Observatoire du plancton<\/a> (06\/03\/2022)<\/li>\n\t\t<li class=\"wsp-post\"><a href=\"https:\/\/steanne-stpierre-portlouis.bzh\/ecole-sainte-anne\/photographie-et-lumiere\/\">Photographie et lumi\u00e8re<\/a> (27\/02\/2022)<\/li>\n\t\t<li class=\"wsp-post\"><a href=\"https:\/\/steanne-stpierre-portlouis.bzh\/ecole-sainte-anne\/poetes-en-herbe\/\">Po\u00e8tes en herbe&#8230;<\/a> (19\/02\/2022)<\/li>\n\t\t<li class=\"wsp-post\"><a href=\"https:\/\/steanne-stpierre-portlouis.bzh\/ecole-sainte-anne\/chevaliers-des-temps-modernes\/\">Chevaliers des temps modernes<\/a> (08\/02\/2022)<\/li>\n\t\t<li class=\"wsp-post\"><a href=\"https:\/\/steanne-stpierre-portlouis.bzh\/ecole-sainte-anne\/calme-et-attentif-comme-une-grenouille\/\">Calme et attentif comme une grenouille<\/a> (23\/01\/2022)<\/li>\n\t\t<li class=\"wsp-post\"><a href=\"https:\/\/steanne-stpierre-portlouis.bzh\/ecole-sainte-anne\/its-breakfast-time\/\">It&rsquo;s breakfast time !<\/a> (12\/12\/2021)<\/li>\n\t\t<li class=\"wsp-post\"><a href=\"https:\/\/steanne-stpierre-portlouis.bzh\/ecole-sainte-anne\/en-route-vers-noel\/\">En route vers No\u00ebl !<\/a> (28\/11\/2021)<\/li>\n\t\t<li class=\"wsp-post\"><a href=\"https:\/\/steanne-stpierre-portlouis.bzh\/ecole-sainte-anne\/transart-la-lumiere\/\">Transart : la lumi\u00e8re<\/a> (26\/10\/2021)<\/li>\n<\/ul><\/li>\n\t<li><strong class=\"wsp-category-title\">Cat\u00e9gorie\u00a0: <a href=\"https:\/\/steanne-stpierre-portlouis.bzh\/ecole-sainte-anne\/category\/ce\/\">CE<\/a><\/strong>\n<ul class=\"wsp-posts-list\">\t\t<li class=\"wsp-post\"><a href=\"https:\/\/steanne-stpierre-portlouis.bzh\/ecole-sainte-anne\/sensibilisation-aux-dechets-pour-les-ce\/\">Sensibilisation aux d\u00e9chets pour les CE<\/a> (11\/03\/2026)<\/li>\n\t\t<li class=\"wsp-post\"><a href=\"https:\/\/steanne-stpierre-portlouis.bzh\/ecole-sainte-anne\/un-banc-pour-ne-plus-etre-seul\/\">Un banc pour ne plus \u00eatre seul<\/a> (29\/01\/2026)<\/li>\n\t\t<li class=\"wsp-post\"><a href=\"https:\/\/steanne-stpierre-portlouis.bzh\/ecole-sainte-anne\/a-la-recherche-des-balises-in-english\/\">\u00c0 la recherche des balises\u2026 in English !<\/a> (10\/12\/2025)<\/li>\n\t\t<li class=\"wsp-post\"><a href=\"https:\/\/steanne-stpierre-portlouis.bzh\/ecole-sainte-anne\/des-maths-en-samusant\/\">Des maths en s&rsquo;amusant !<\/a> (17\/11\/2025)<\/li>\n\t\t<li class=\"wsp-post\"><a href=\"https:\/\/steanne-stpierre-portlouis.bzh\/ecole-sainte-anne\/notre-classe-participe-au-concours-de-branfere\/\">Notre classe participe au concours de Branf\u00e9r\u00e9 !<\/a> (05\/11\/2025)<\/li>\n\t\t<li class=\"wsp-post\"><a href=\"https:\/\/steanne-stpierre-portlouis.bzh\/ecole-sainte-anne\/les-conseils-de-cooperation-sont-de-retour\/\">Les conseils de coop\u00e9ration sont de retour !<\/a> (15\/10\/2025)<\/li>\n\t\t<li class=\"wsp-post\"><a href=\"https:\/\/steanne-stpierre-portlouis.bzh\/ecole-sainte-anne\/du-sport-en-anglais\/\">Du sport&#8230; en anglais<\/a> (01\/10\/2025)<\/li>\n\t\t<li class=\"wsp-post\"><a href=\"https:\/\/steanne-stpierre-portlouis.bzh\/ecole-sainte-anne\/sortie-a-la-mediatheque\/\">Sortie \u00e0 la m\u00e9diath\u00e8que<\/a> (01\/10\/2025)<\/li>\n\t\t<li class=\"wsp-post\"><a href=\"https:\/\/steanne-stpierre-portlouis.bzh\/ecole-sainte-anne\/projet-scientifique-ce2\/\">Projet scientifique &#8211; CE2<\/a> (17\/04\/2024)<\/li>\n\t\t<li class=\"wsp-post\"><a href=\"https:\/\/steanne-stpierre-portlouis.bzh\/ecole-sainte-anne\/le-cycle-patinage-en-ce\/\">Le cycle patinage en CE<\/a> (21\/06\/2023)<\/li>\n\t\t<li class=\"wsp-post\"><a href=\"https:\/\/steanne-stpierre-portlouis.bzh\/ecole-sainte-anne\/a-vos-marques-prets-partez%f0%9f%8f%83%e2%99%82%ef%b8%8f\/\">A vos marques, pr\u00eats, partez!\ud83c\udfc3\u200d\u2642\ufe0f<\/a> (21\/05\/2023)<\/li>\n\t\t<li class=\"wsp-post\"><a href=\"https:\/\/steanne-stpierre-portlouis.bzh\/ecole-sainte-anne\/avril-et-le-printemps-nous-inspire\/\">Avril et le printemps nous inspire&#8230;<\/a> (01\/04\/2023)<\/li>\n\t\t<li class=\"wsp-post\"><a href=\"https:\/\/steanne-stpierre-portlouis.bzh\/ecole-sainte-anne\/la-gendarmerie-du-morbihan-parle-de-nous\/\">La gendarmerie du Morbihan parle de nous&#8230;<\/a> (22\/02\/2023)<\/li>\n\t\t<li class=\"wsp-post\"><a href=\"https:\/\/steanne-stpierre-portlouis.bzh\/ecole-sainte-anne\/viva-el-peru\/\">Viva el Peru!<\/a> (11\/02\/2023)<\/li>\n\t\t<li class=\"wsp-post\"><a href=\"https:\/\/steanne-stpierre-portlouis.bzh\/ecole-sainte-anne\/ajime\/\">Ajime !<\/a> (18\/01\/2023)<\/li>\n\t\t<li class=\"wsp-post\"><a href=\"https:\/\/steanne-stpierre-portlouis.bzh\/ecole-sainte-anne\/bonne-annee-3\/\">Bonne  ann\u00e9e !<\/a> (18\/01\/2023)<\/li>\n\t\t<li class=\"wsp-post\"><a href=\"https:\/\/steanne-stpierre-portlouis.bzh\/ecole-sainte-anne\/projet-patrimoine-et-histoire-de-port-louis-suite\/\">Projet Patrimoine et Histoire de Port-Louis suite&#8230;<\/a> (25\/11\/2022)<\/li>\n\t\t<li class=\"wsp-post\"><a href=\"https:\/\/steanne-stpierre-portlouis.bzh\/ecole-sainte-anne\/projet-patrimoine-et-histoire-de-port-louis\/\">Projet Patrimoine et Histoire de Port-Louis<\/a> (24\/10\/2022)<\/li>\n\t\t<li class=\"wsp-post\"><a href=\"https:\/\/steanne-stpierre-portlouis.bzh\/ecole-sainte-anne\/le-sport-les-ce-adorent\/\">Le sport, les CE adorent !<\/a> (24\/09\/2022)<\/li>\n\t\t<li class=\"wsp-post\"><a href=\"https:\/\/steanne-stpierre-portlouis.bzh\/ecole-sainte-anne\/oceanopolis-3\/\">Oc\u00e9anopolis<\/a> (06\/06\/2022)<\/li>\n\t\t<li class=\"wsp-post\"><a href=\"https:\/\/steanne-stpierre-portlouis.bzh\/ecole-sainte-anne\/passager-ou-pieton-se-deplacer-en-toute-securite\/\">Passager ou pi\u00e9ton : se d\u00e9placer en toute s\u00e9curit\u00e9.<\/a> (23\/03\/2022)<\/li>\n\t\t<li class=\"wsp-post\"><a href=\"https:\/\/steanne-stpierre-portlouis.bzh\/ecole-sainte-anne\/les-ce1-ce2-a-lephemere\/\">Les CE1-CE2 \u00e0 l&rsquo;Eph\u00e9m\u00e8re<\/a> (01\/03\/2022)<\/li>\n\t\t<li class=\"wsp-post\"><a href=\"https:\/\/steanne-stpierre-portlouis.bzh\/ecole-sainte-anne\/bonne-annee\/\">Bonne ann\u00e9e<\/a> (09\/01\/2022)<\/li>\n\t\t<li class=\"wsp-post\"><a href=\"https:\/\/steanne-stpierre-portlouis.bzh\/ecole-sainte-anne\/bientot-noel\/\">Bient\u00f4t No\u00ebl !<\/a> (13\/12\/2021)<\/li>\n\t\t<li class=\"wsp-post\"><a href=\"https:\/\/steanne-stpierre-portlouis.bzh\/ecole-sainte-anne\/les-ce-suivent-la-transat-jacques-vabre\/\">Les CE suivent la Transat Jacques Vabre<\/a> (21\/11\/2021)<\/li>\n\t\t<li class=\"wsp-post\"><a href=\"https:\/\/steanne-stpierre-portlouis.bzh\/ecole-sainte-anne\/arbres-dautomne\/\">Arbres d&rsquo;automne<\/a> (21\/11\/2021)<\/li>\n<\/ul><\/li>\n\t<li><strong class=\"wsp-category-title\">Cat\u00e9gorie\u00a0: <a href=\"https:\/\/steanne-stpierre-portlouis.bzh\/ecole-sainte-anne\/category\/cm\/\">CM<\/a><\/strong>\n<ul class=\"wsp-posts-list\">\t\t<li class=\"wsp-post\"><a href=\"https:\/\/steanne-stpierre-portlouis.bzh\/ecole-sainte-anne\/journal-de-classe-cm-periode-4\/\">JOURNAL de classe CM p\u00e9riode 4<\/a> (10\/04\/2026)<\/li>\n\t\t<li class=\"wsp-post\"><a href=\"https:\/\/steanne-stpierre-portlouis.bzh\/ecole-sainte-anne\/voile-pour-les-cm\/\">Voile pour les CM<\/a> (27\/03\/2026)<\/li>\n\t\t<li class=\"wsp-post\"><a href=\"https:\/\/steanne-stpierre-portlouis.bzh\/ecole-sainte-anne\/sport-en-cm-avec-lugsel\/\">SPORT en CM avec l&rsquo;UGSEL<\/a> (10\/03\/2026)<\/li>\n\t\t<li class=\"wsp-post\"><a href=\"https:\/\/steanne-stpierre-portlouis.bzh\/ecole-sainte-anne\/campagne-contre-le-harcelement\/\">Campagne contre le harc\u00e8lement<\/a> (30\/01\/2026)<\/li>\n\t\t<li class=\"wsp-post\"><a href=\"https:\/\/steanne-stpierre-portlouis.bzh\/ecole-sainte-anne\/objectif-endurance-nos-eleves-relevent-le-defi\/\">Objectif endurance, nos \u00e9l\u00e8ves rel\u00e8vent le d\u00e9fi !<\/a> (09\/10\/2025)<\/li>\n\t\t<li class=\"wsp-post\"><a href=\"https:\/\/steanne-stpierre-portlouis.bzh\/ecole-sainte-anne\/cycle-voile-cm\/\">Cycle voile &#8211; CM<\/a> (03\/04\/2024)<\/li>\n\t\t<li class=\"wsp-post\"><a href=\"https:\/\/steanne-stpierre-portlouis.bzh\/ecole-sainte-anne\/semaine-olympique-et-paralympique\/\">Semaine Olympique et Paralympique<\/a> (18\/04\/2023)<\/li>\n\t\t<li class=\"wsp-post\"><a href=\"https:\/\/steanne-stpierre-portlouis.bzh\/ecole-sainte-anne\/semaine-de-la-presse\/\">Semaine de la presse<\/a> (16\/04\/2023)<\/li>\n\t\t<li class=\"wsp-post\"><a href=\"https:\/\/steanne-stpierre-portlouis.bzh\/ecole-sainte-anne\/prevention-routiere-permis-velo\/\">Pr\u00e9vention routi\u00e8re permis v\u00e9lo<\/a> (15\/04\/2023)<\/li>\n\t\t<li class=\"wsp-post\"><a href=\"https:\/\/steanne-stpierre-portlouis.bzh\/ecole-sainte-anne\/silhouettes-bretonnes-a-la-maniere-de-mondrian\/\">Silhouettes bretonnes \u00e0 la mani\u00e8re de Mondrian<\/a> (22\/03\/2023)<\/li>\n\t\t<li class=\"wsp-post\"><a href=\"https:\/\/steanne-stpierre-portlouis.bzh\/ecole-sainte-anne\/cadavres-exquis\/\">Cadavres exquis<\/a> (05\/03\/2023)<\/li>\n\t\t<li class=\"wsp-post\"><a href=\"https:\/\/steanne-stpierre-portlouis.bzh\/ecole-sainte-anne\/permis-internet\/\">Permis internet<\/a> (11\/02\/2023)<\/li>\n\t\t<li class=\"wsp-post\"><a href=\"https:\/\/steanne-stpierre-portlouis.bzh\/ecole-sainte-anne\/visio-avec-francois-gabart\/\">Visio avec Fran\u00e7ois Gabart<\/a> (29\/01\/2023)<\/li>\n\t\t<li class=\"wsp-post\"><a href=\"https:\/\/steanne-stpierre-portlouis.bzh\/ecole-sainte-anne\/francois-gabart\/\">Fran\u00e7ois Gabart<\/a> (14\/01\/2023)<\/li>\n\t\t<li class=\"wsp-post\"><a href=\"https:\/\/steanne-stpierre-portlouis.bzh\/ecole-sainte-anne\/petites-cites-de-caracteres-de-bretagne\/\">Petites Cit\u00e9s de Caract\u00e8res de Bretagne<\/a> (14\/01\/2023)<\/li>\n\t\t<li class=\"wsp-post\"><a href=\"https:\/\/steanne-stpierre-portlouis.bzh\/ecole-sainte-anne\/route-du-rhum\/\">Route du Rhum<\/a> (12\/11\/2022)<\/li>\n\t\t<li class=\"wsp-post\"><a href=\"https:\/\/steanne-stpierre-portlouis.bzh\/ecole-sainte-anne\/tchoukball\/\">Tchoukball<\/a> (12\/11\/2022)<\/li>\n\t\t<li class=\"wsp-post\"><a href=\"https:\/\/steanne-stpierre-portlouis.bzh\/ecole-sainte-anne\/exposes\/\">Expos\u00e9s<\/a> (24\/10\/2022)<\/li>\n\t\t<li class=\"wsp-post\"><a href=\"https:\/\/steanne-stpierre-portlouis.bzh\/ecole-sainte-anne\/jeweled-trees\/\">Jeweled Trees<\/a> (14\/10\/2022)<\/li>\n\t\t<li class=\"wsp-post\"><a href=\"https:\/\/steanne-stpierre-portlouis.bzh\/ecole-sainte-anne\/mediatheque\/\">M\u00e9diath\u00e8que<\/a> (23\/09\/2022)<\/li>\n\t\t<li class=\"wsp-post\"><a href=\"https:\/\/steanne-stpierre-portlouis.bzh\/ecole-sainte-anne\/voile-cm\/\">Voile CM<\/a> (07\/09\/2022)<\/li>\n\t\t<li class=\"wsp-post\"><a href=\"https:\/\/steanne-stpierre-portlouis.bzh\/ecole-sainte-anne\/rencontre-sportive-des-cm\/\">Rencontre sportive des CM<\/a> (06\/06\/2022)<\/li>\n\t\t<li class=\"wsp-post\"><a href=\"https:\/\/steanne-stpierre-portlouis.bzh\/ecole-sainte-anne\/oceanopolis-2\/\">Oc\u00e9anopolis<\/a> (04\/06\/2022)<\/li>\n\t\t<li class=\"wsp-post\"><a href=\"https:\/\/steanne-stpierre-portlouis.bzh\/ecole-sainte-anne\/toutes-voiles-dehors\/\">Toutes voiles dehors!<\/a> (20\/05\/2022)<\/li>\n\t\t<li class=\"wsp-post\"><a href=\"https:\/\/steanne-stpierre-portlouis.bzh\/ecole-sainte-anne\/elections-en-cm\/\">Elections en CM<\/a> (09\/04\/2022)<\/li>\n\t\t<li class=\"wsp-post\"><a href=\"https:\/\/steanne-stpierre-portlouis.bzh\/ecole-sainte-anne\/cross-terre-de-jeux-2024\/\">Cross Terre de Jeux 2024<\/a> (31\/03\/2022)<\/li>\n\t\t<li class=\"wsp-post\"><a href=\"https:\/\/steanne-stpierre-portlouis.bzh\/ecole-sainte-anne\/journee-prevention-routiere-en-cm\/\">Journ\u00e9e Pr\u00e9vention Routi\u00e8re en CM<\/a> (19\/03\/2022)<\/li>\n\t\t<li class=\"wsp-post\"><a href=\"https:\/\/steanne-stpierre-portlouis.bzh\/ecole-sainte-anne\/guerre-en-ukraine\/\">Guerre en Ukraine<\/a> (17\/03\/2022)<\/li>\n\t\t<li class=\"wsp-post\"><a href=\"https:\/\/steanne-stpierre-portlouis.bzh\/ecole-sainte-anne\/des-cm-archers\/\">Des CM archers<\/a> (05\/03\/2022)<\/li>\n\t\t<li class=\"wsp-post\"><a href=\"https:\/\/steanne-stpierre-portlouis.bzh\/ecole-sainte-anne\/exposition-septembre-1930-thoniers-dans-la-tempete\/\">Exposition \u00ab\u00a0Septembre 1930. Thoniers dans la temp\u00eate\u00a0\u00bb<\/a> (12\/01\/2022)<\/li>\n\t\t<li class=\"wsp-post\"><a href=\"https:\/\/steanne-stpierre-portlouis.bzh\/ecole-sainte-anne\/defi-maths\/\">D\u00e9fi Maths<\/a> (04\/12\/2021)<\/li>\n\t\t<li class=\"wsp-post\"><a href=\"https:\/\/steanne-stpierre-portlouis.bzh\/ecole-sainte-anne\/ateliers-mediatheque\/\">Ateliers M\u00e9diath\u00e8que<\/a> (04\/12\/2021)<\/li>\n\t\t<li class=\"wsp-post\"><a href=\"https:\/\/steanne-stpierre-portlouis.bzh\/ecole-sainte-anne\/ombres-portees-a-la-maniere-de-colette-hyvrard\/\">Ombres port\u00e9es \u00e0 la mani\u00e8re de Colette Hyvrard<\/a> (21\/11\/2021)<\/li>\n\t\t<li class=\"wsp-post\"><a href=\"https:\/\/steanne-stpierre-portlouis.bzh\/ecole-sainte-anne\/a-la-mediatheque\/\">A la m\u00e9diath\u00e8que<\/a> (11\/11\/2021)<\/li>\n\t\t<li class=\"wsp-post\"><a href=\"https:\/\/steanne-stpierre-portlouis.bzh\/ecole-sainte-anne\/des-eleves-sportifs\/\">Des \u00e9l\u00e8ves sportifs!<\/a> (11\/11\/2021)<\/li>\n\t\t<li class=\"wsp-post\"><a href=\"https:\/\/steanne-stpierre-portlouis.bzh\/ecole-sainte-anne\/vive-la-rentree\/\">Vive la rentr\u00e9e!<\/a> (11\/11\/2021)<\/li>\n<\/ul><\/li>\n\t<li><strong class=\"wsp-category-title\">Cat\u00e9gorie\u00a0: <a href=\"https:\/\/steanne-stpierre-portlouis.bzh\/ecole-sainte-anne\/category\/ecole\/\">Ecole<\/a><\/strong>\n<ul class=\"wsp-posts-list\">\t\t<li class=\"wsp-post\"><a href=\"https:\/\/steanne-stpierre-portlouis.bzh\/ecole-sainte-anne\/reprise-des-cours-de-musique-avec-sonam\/\">Reprise des cours de musique avec SONAM<\/a> (03\/04\/2026)<\/li>\n\t\t<li class=\"wsp-post\"><a href=\"https:\/\/steanne-stpierre-portlouis.bzh\/ecole-sainte-anne\/marche-de-noel-et-sortie-au-haras\/\">March\u00e9 de No\u00ebl et Sortie au Haras<\/a> (17\/12\/2025)<\/li>\n\t\t<li class=\"wsp-post\"><a href=\"https:\/\/steanne-stpierre-portlouis.bzh\/ecole-sainte-anne\/ambiance-bretonne-a-la-cantine\/\">Ambiance bretonne \u00e0 la cantine<\/a> (26\/09\/2025)<\/li>\n\t\t<li class=\"wsp-post\"><a href=\"https:\/\/steanne-stpierre-portlouis.bzh\/ecole-sainte-anne\/rentree-avec-une-belle-benediction-des-cartables\/\">Rentr\u00e9e avec une belle b\u00e9n\u00e9diction des cartables<\/a> (07\/09\/2025)<\/li>\n\t\t<li class=\"wsp-post\"><a href=\"https:\/\/steanne-stpierre-portlouis.bzh\/ecole-sainte-anne\/cest-la-rentree-2\/\">C&rsquo;est la rentr\u00e9e !<\/a> (07\/09\/2025)<\/li>\n\t\t<li class=\"wsp-post\"><a href=\"https:\/\/steanne-stpierre-portlouis.bzh\/ecole-sainte-anne\/2-jours-au-puy-du-fou\/\">2 jours au PUY DU FOU<\/a> (22\/06\/2025)<\/li>\n\t\t<li class=\"wsp-post\"><a href=\"https:\/\/steanne-stpierre-portlouis.bzh\/ecole-sainte-anne\/exposition-productions-artistiques\/\">Exposition productions artistiques<\/a> (22\/06\/2025)<\/li>\n\t\t<li class=\"wsp-post\"><a href=\"https:\/\/steanne-stpierre-portlouis.bzh\/ecole-sainte-anne\/musique-avec-sonam\/\">Musique avec SONAM<\/a> (16\/05\/2025)<\/li>\n\t\t<li class=\"wsp-post\"><a href=\"https:\/\/steanne-stpierre-portlouis.bzh\/ecole-sainte-anne\/portes-ouvertes-2\/\">PORTES OUVERTES<\/a> (07\/02\/2025)<\/li>\n\t\t<li class=\"wsp-post\"><a href=\"https:\/\/steanne-stpierre-portlouis.bzh\/ecole-sainte-anne\/janvier-bonne-annee\/\">Janvier, Bonne ann\u00e9e !!!<\/a> (17\/01\/2025)<\/li>\n\t\t<li class=\"wsp-post\"><a href=\"https:\/\/steanne-stpierre-portlouis.bzh\/ecole-sainte-anne\/journal-ce2-cm-periode-1-24-25\/\">Journal CE2.CM \/ P\u00e9riode 1. 24-25<\/a> (23\/10\/2024)<\/li>\n\t\t<li class=\"wsp-post\"><a href=\"https:\/\/steanne-stpierre-portlouis.bzh\/ecole-sainte-anne\/septembre\/\">Septembre<\/a> (13\/09\/2024)<\/li>\n\t\t<li class=\"wsp-post\"><a href=\"https:\/\/steanne-stpierre-portlouis.bzh\/ecole-sainte-anne\/pre-rentree-de-lequipe-enseignante\/\">Pr\u00e9-rentr\u00e9e de l&rsquo;\u00e9quipe enseignante<\/a> (01\/09\/2024)<\/li>\n\t\t<li class=\"wsp-post\"><a href=\"https:\/\/steanne-stpierre-portlouis.bzh\/ecole-sainte-anne\/fete-de-fin-dannee\/\">F\u00eate de fin d&rsquo;ann\u00e9e<\/a> (16\/07\/2024)<\/li>\n\t\t<li class=\"wsp-post\"><a href=\"https:\/\/steanne-stpierre-portlouis.bzh\/ecole-sainte-anne\/vernissage-a-la-mediatheque-de-port-louis\/\">Vernissage \u00e0 la m\u00e9diath\u00e8que de Port-Louis.<\/a> (15\/06\/2024)<\/li>\n\t\t<li class=\"wsp-post\"><a href=\"https:\/\/steanne-stpierre-portlouis.bzh\/ecole-sainte-anne\/une-expo-a-la-mediatheque\/\">Une expo \u00e0 la m\u00e9diath\u00e8que<\/a> (03\/06\/2024)<\/li>\n\t\t<li class=\"wsp-post\"><a href=\"https:\/\/steanne-stpierre-portlouis.bzh\/ecole-sainte-anne\/cycle-de-patinoire-cp-ce\/\">Cycle de patinoire &#8211; CP\/CE<\/a> (17\/04\/2024)<\/li>\n\t\t<li class=\"wsp-post\"><a href=\"https:\/\/steanne-stpierre-portlouis.bzh\/ecole-sainte-anne\/semaine-sainte\/\">Semaine Sainte<\/a> (30\/03\/2024)<\/li>\n\t\t<li class=\"wsp-post\"><a href=\"https:\/\/steanne-stpierre-portlouis.bzh\/ecole-sainte-anne\/potager\/\">POTAGER<\/a> (30\/03\/2024)<\/li>\n\t\t<li class=\"wsp-post\"><a href=\"https:\/\/steanne-stpierre-portlouis.bzh\/ecole-sainte-anne\/3330-2\/\">Musique<\/a> (30\/03\/2024)<\/li>\n\t\t<li class=\"wsp-post\"><a href=\"https:\/\/steanne-stpierre-portlouis.bzh\/ecole-sainte-anne\/journal-de-classe-ce2-cm-ed-3\/\">Journal de classe CE2 CM \u00e9d.3<\/a> (20\/03\/2024)<\/li>\n\t\t<li class=\"wsp-post\"><a href=\"https:\/\/steanne-stpierre-portlouis.bzh\/ecole-sainte-anne\/a-la-mediatheque-2\/\">A la m\u00e9diath\u00e8que<\/a> (24\/01\/2024)<\/li>\n\t\t<li class=\"wsp-post\"><a href=\"https:\/\/steanne-stpierre-portlouis.bzh\/ecole-sainte-anne\/portes-ouvertes\/\">PORTES OUVERTES<\/a> (22\/01\/2024)<\/li>\n\t\t<li class=\"wsp-post\"><a href=\"https:\/\/steanne-stpierre-portlouis.bzh\/ecole-sainte-anne\/joyeux-noel\/\">Joyeux No\u00ebl<\/a> (26\/12\/2023)<\/li>\n\t\t<li class=\"wsp-post\"><a href=\"https:\/\/steanne-stpierre-portlouis.bzh\/ecole-sainte-anne\/journal-de-classe-ce2-cm-n2\/\">Journal de classe CE2 CM n\u00b02<\/a> (22\/12\/2023)<\/li>\n\t\t<li class=\"wsp-post\"><a href=\"https:\/\/steanne-stpierre-portlouis.bzh\/ecole-sainte-anne\/repas-de-fete\/\">Repas de f\u00eate<\/a> (21\/12\/2023)<\/li>\n\t\t<li class=\"wsp-post\"><a href=\"https:\/\/steanne-stpierre-portlouis.bzh\/ecole-sainte-anne\/le-temps-de-lavent\/\">Le Temps de l&rsquo;Avent<\/a> (21\/12\/2023)<\/li>\n\t\t<li class=\"wsp-post\"><a href=\"https:\/\/steanne-stpierre-portlouis.bzh\/ecole-sainte-anne\/journal-ecrit-par-les-grands-ed-1\/\">Journal \u00e9crit par les grands \u00e9d.1<\/a> (25\/10\/2023)<\/li>\n\t\t<li class=\"wsp-post\"><a href=\"https:\/\/steanne-stpierre-portlouis.bzh\/ecole-sainte-anne\/lecole-a-obtenu-le-label-eac-niveau-2\/\">L&rsquo;\u00e9cole a obtenu le label EAC niveau 2<\/a> (20\/10\/2023)<\/li>\n\t\t<li class=\"wsp-post\"><a href=\"https:\/\/steanne-stpierre-portlouis.bzh\/ecole-sainte-anne\/magnifique\/\">Magnifique !!<\/a> (06\/10\/2023)<\/li>\n\t\t<li class=\"wsp-post\"><a href=\"https:\/\/steanne-stpierre-portlouis.bzh\/ecole-sainte-anne\/exercice-securite\/\">Exercice s\u00e9curit\u00e9<\/a> (22\/09\/2023)<\/li>\n\t\t<li class=\"wsp-post\"><a href=\"https:\/\/steanne-stpierre-portlouis.bzh\/ecole-sainte-anne\/profitons-de-notre-environnement-immediat\/\">Profitons de notre environnement imm\u00e9diat !<\/a> (15\/09\/2023)<\/li>\n\t\t<li class=\"wsp-post\"><a href=\"https:\/\/steanne-stpierre-portlouis.bzh\/ecole-sainte-anne\/benediction-des-cartables\/\">B\u00e9n\u00e9diction des cartables<\/a> (09\/09\/2023)<\/li>\n\t\t<li class=\"wsp-post\"><a href=\"https:\/\/steanne-stpierre-portlouis.bzh\/ecole-sainte-anne\/rentree-2023-cest-parti\/\">Rentr\u00e9e 2023, c&rsquo;est parti !<\/a> (31\/08\/2023)<\/li>\n\t\t<li class=\"wsp-post\"><a href=\"https:\/\/steanne-stpierre-portlouis.bzh\/ecole-sainte-anne\/les-enfants-ont-du-talent\/\">Les enfants ont du talent !!<\/a> (11\/06\/2023)<\/li>\n\t\t<li class=\"wsp-post\"><a href=\"https:\/\/steanne-stpierre-portlouis.bzh\/ecole-sainte-anne\/poul-fetan-pour-comprendre-notre-passe\/\">Poul F\u00e9tan, pour comprendre notre pass\u00e9<\/a> (19\/05\/2023)<\/li>\n\t\t<li class=\"wsp-post\"><a href=\"https:\/\/steanne-stpierre-portlouis.bzh\/ecole-sainte-anne\/portes-ouvertes-de-lecole-2\/\">Portes ouvertes de l&rsquo;\u00e9cole<\/a> (06\/05\/2023)<\/li>\n\t\t<li class=\"wsp-post\"><a href=\"https:\/\/steanne-stpierre-portlouis.bzh\/ecole-sainte-anne\/en-avant-la-musique\/\">En avant la musique!<\/a> (19\/04\/2023)<\/li>\n\t\t<li class=\"wsp-post\"><a href=\"https:\/\/steanne-stpierre-portlouis.bzh\/ecole-sainte-anne\/repas-solidaire-3\/\">Repas solidaire<\/a> (17\/04\/2023)<\/li>\n\t\t<li class=\"wsp-post\"><a href=\"https:\/\/steanne-stpierre-portlouis.bzh\/ecole-sainte-anne\/vive-la-recre\/\">Vive la r\u00e9cr\u00e9 !<\/a> (29\/03\/2023)<\/li>\n\t\t<li class=\"wsp-post\"><a href=\"https:\/\/steanne-stpierre-portlouis.bzh\/ecole-sainte-anne\/celebration-en-marche-vers-paques\/\">C\u00e9l\u00e9bration en marche vers P\u00e2ques<\/a> (19\/03\/2023)<\/li>\n\t\t<li class=\"wsp-post\"><a href=\"https:\/\/steanne-stpierre-portlouis.bzh\/ecole-sainte-anne\/sainte-anne-pelerine\/\">Sainte Anne p\u00e8lerine<\/a> (02\/01\/2023)<\/li>\n\t\t<li class=\"wsp-post\"><a href=\"https:\/\/steanne-stpierre-portlouis.bzh\/ecole-sainte-anne\/le-pere-noel-a-lecole\/\">Le P\u00e8re No\u00ebl \u00e0 l&rsquo;\u00e9cole<\/a> (01\/01\/2023)<\/li>\n\t\t<li class=\"wsp-post\"><a href=\"https:\/\/steanne-stpierre-portlouis.bzh\/ecole-sainte-anne\/assemblee-hebdomadaire\/\">Assembl\u00e9e hebdomadaire<\/a> (21\/09\/2022)<\/li>\n\t\t<li class=\"wsp-post\"><a href=\"https:\/\/steanne-stpierre-portlouis.bzh\/ecole-sainte-anne\/cest-la-rentree\/\">C&rsquo;est la rentr\u00e9e !!<\/a> (03\/09\/2022)<\/li>\n\t\t<li class=\"wsp-post\"><a href=\"https:\/\/steanne-stpierre-portlouis.bzh\/ecole-sainte-anne\/les-blouses-roses\/\">Les Blouses Roses<\/a> (20\/06\/2022)<\/li>\n\t\t<li class=\"wsp-post\"><a href=\"https:\/\/steanne-stpierre-portlouis.bzh\/ecole-sainte-anne\/portes-ouvertes-de-lecole\/\">Portes ouvertes de l&rsquo;\u00e9cole<\/a> (22\/05\/2022)<\/li>\n\t\t<li class=\"wsp-post\"><a href=\"https:\/\/steanne-stpierre-portlouis.bzh\/ecole-sainte-anne\/chemin-vers-paques\/\">Chemin vers P\u00e2ques<\/a> (04\/04\/2022)<\/li>\n\t\t<li class=\"wsp-post\"><a href=\"https:\/\/steanne-stpierre-portlouis.bzh\/ecole-sainte-anne\/repas-solidaire\/\">Repas solidaire<\/a> (26\/03\/2022)<\/li>\n\t\t<li class=\"wsp-post\"><a href=\"https:\/\/steanne-stpierre-portlouis.bzh\/ecole-sainte-anne\/association-les-blouses-roses\/\">Association \u00ab\u00a0Les Blouses Roses\u00a0\u00bb<\/a> (17\/03\/2022)<\/li>\n\t\t<li class=\"wsp-post\"><a href=\"https:\/\/steanne-stpierre-portlouis.bzh\/ecole-sainte-anne\/celebration-dentree-en-careme\/\">C\u00e9l\u00e9bration d\u2019entr\u00e9e en Car\u00eame<\/a> (05\/03\/2022)<\/li>\n\t\t<li class=\"wsp-post\"><a href=\"https:\/\/steanne-stpierre-portlouis.bzh\/ecole-sainte-anne\/noel-a-la-chapelle-st-pierre\/\">No\u00ebl \u00e0 la chapelle St Pierre<\/a> (17\/12\/2021)<\/li>\n\t\t<li class=\"wsp-post\"><a href=\"https:\/\/steanne-stpierre-portlouis.bzh\/ecole-sainte-anne\/gouter-avec-le-pere-noel\/\">Go\u00fbter avec le P\u00e8re-No\u00ebl !<\/a> (17\/12\/2021)<\/li>\n\t\t<li class=\"wsp-post\"><a href=\"https:\/\/steanne-stpierre-portlouis.bzh\/ecole-sainte-anne\/lecole-sainte-anne-chante-au-marche-de-noel\/\">L&rsquo;\u00e9cole Sainte Anne chante au march\u00e9 de No\u00ebl<\/a> (13\/12\/2021)<\/li>\n<\/ul><\/li>\n\t<li><strong class=\"wsp-category-title\">Cat\u00e9gorie\u00a0: <a href=\"https:\/\/steanne-stpierre-portlouis.bzh\/ecole-sainte-anne\/category\/chroniques-de-classe\/\">Chroniques de classe<\/a><\/strong>\n<ul class=\"wsp-posts-list\">\t\t<li class=\"wsp-post\"><a href=\"https:\/\/steanne-stpierre-portlouis.bzh\/ecole-sainte-anne\/piscine-pour-les-eleves-de-gs-cp-ce1-et-ce2\/\">Piscine pour les \u00e9l\u00e8ves de GS, CP, CE1 et CE2<\/a> (21\/04\/2025)<\/li>\n\t\t<li class=\"wsp-post\"><a href=\"https:\/\/steanne-stpierre-portlouis.bzh\/ecole-sainte-anne\/la-tromenie-est-passee-par-port-louis\/\">La Trom\u00e9nie est pass\u00e9e par Port-Louis<\/a> (19\/03\/2025)<\/li>\n\t\t<li class=\"wsp-post\"><a href=\"https:\/\/steanne-stpierre-portlouis.bzh\/ecole-sainte-anne\/le-potager-ca-commence\/\">Le potager, \u00e7a commence !<\/a> (19\/03\/2025)<\/li>\n\t\t<li class=\"wsp-post\"><a href=\"https:\/\/steanne-stpierre-portlouis.bzh\/ecole-sainte-anne\/voyage-scolaire-ce2-cm-juin-2024\/\">Voyage scolaire CE2.CM Juin 2024<\/a> (28\/08\/2024)<\/li>\n\t\t<li class=\"wsp-post\"><a href=\"https:\/\/steanne-stpierre-portlouis.bzh\/ecole-sainte-anne\/journal-de-classe-ce2-cm-ed-4\/\">Journal de classe CE2 CM \u00e9d.4<\/a> (19\/04\/2024)<\/li>\n\t\t<li class=\"wsp-post\"><a href=\"https:\/\/steanne-stpierre-portlouis.bzh\/ecole-sainte-anne\/les-permis-ca-sapprend\/\">Les permis, \u00e7a s&rsquo;apprend<\/a> (30\/11\/2023)<\/li>\n\t\t<li class=\"wsp-post\"><a href=\"https:\/\/steanne-stpierre-portlouis.bzh\/ecole-sainte-anne\/la-toussaint\/\">La Toussaint<\/a> (20\/10\/2023)<\/li>\n<\/ul><\/li>\n\t<li><strong class=\"wsp-category-title\">Cat\u00e9gorie\u00a0: <a href=\"https:\/\/steanne-stpierre-portlouis.bzh\/ecole-sainte-anne\/category\/chroniques-de-classe-diversses\/\">Chroniques de classes diverses<\/a><\/strong>\n<\/li>\n\t<li><strong class=\"wsp-category-title\">Cat\u00e9gorie\u00a0: <a href=\"https:\/\/steanne-stpierre-portlouis.bzh\/ecole-sainte-anne\/category\/education-artistique-et-culturelle\/\">Education Artistique et Culturelle<\/a><\/strong>\n<ul class=\"wsp-posts-list\">\t\t<li class=\"wsp-post\"><a href=\"https:\/\/steanne-stpierre-portlouis.bzh\/ecole-sainte-anne\/exposition-lumiere-les-artistes-a-pied-doeuvre\/\">Exposition \u00ab\u00a0Lumi\u00e8re\u00a0\u00bb : les artistes \u00e0 pied d&rsquo;oeuvre<\/a> (07\/05\/2022)<\/li>\n<\/ul><\/li>\n\t<li><strong class=\"wsp-category-title\">Cat\u00e9gorie\u00a0: <a href=\"https:\/\/steanne-stpierre-portlouis.bzh\/ecole-sainte-anne\/category\/education-physique-et-sportive\/\">Education Physique et Sportive<\/a><\/strong>\n<\/li>\n<\/ul>\n<h2 class=\"wsp-events-title\">\u00c9v\u00e9nements<\/h2>\n<ul class=\"wsp-events-list\">\n<li><a href=\"https:\/\/steanne-stpierre-portlouis.bzh\/ecole-sainte-anne\/agenda\/assemblee-generale-de-lapel-2\/\">Assembl\u00e9e g\u00e9n\u00e9rale de l'APEL<\/a><\/li>\n<li><a href=\"https:\/\/steanne-stpierre-portlouis.bzh\/ecole-sainte-anne\/agenda\/la-rentree-des-classes-le-lundi-2-septembre-a-8h45\/\">Rentr\u00e9e des classes: Lundi 2 septembre \u00e0 8h45<\/a><\/li>\n<li><a href=\"https:\/\/steanne-stpierre-portlouis.bzh\/ecole-sainte-anne\/agenda\/patinoire\/\">Patinoire<\/a><\/li>\n<li><a href=\"https:\/\/steanne-stpierre-portlouis.bzh\/ecole-sainte-anne\/agenda\/photos-de-classe\/\">Photos de classe<\/a><\/li>\n<li><a href=\"https:\/\/steanne-stpierre-portlouis.bzh\/ecole-sainte-anne\/agenda\/sortie-scolaire-2\/\">Sortie scolaire<\/a><\/li>\n<li><a href=\"https:\/\/steanne-stpierre-portlouis.bzh\/ecole-sainte-anne\/agenda\/portes-ouvertes-2\/\">Portes ouvertes<\/a><\/li>\n<li><a href=\"https:\/\/steanne-stpierre-portlouis.bzh\/ecole-sainte-anne\/agenda\/piscine-gs-cp-ce1-ce2\/\">Piscine GS\/CP\/CE1\/CE2<\/a><\/li>\n<li><a href=\"https:\/\/steanne-stpierre-portlouis.bzh\/ecole-sainte-anne\/agenda\/assemblee-generale-de-lapel\/\">Assembl\u00e9e g\u00e9n\u00e9rale de l'APEL<\/a><\/li>\n<li><a href=\"https:\/\/steanne-stpierre-portlouis.bzh\/ecole-sainte-anne\/agenda\/voile-cm1-cm2\/\">Voile CM1 CM2<\/a><\/li>\n<li><a href=\"https:\/\/steanne-stpierre-portlouis.bzh\/ecole-sainte-anne\/agenda\/kermesse\/\">Kermesse<\/a><\/li>\n<li><a href=\"https:\/\/steanne-stpierre-portlouis.bzh\/ecole-sainte-anne\/agenda\/decouverte-du-college\/\">D\u00e9couverte du coll\u00e8ge<\/a><\/li>\n<li><a href=\"https:\/\/steanne-stpierre-portlouis.bzh\/ecole-sainte-anne\/agenda\/voile-pour-les-cm1-cm2\/\">Voile pour les CM1 CM2<\/a><\/li>\n<li><a href=\"https:\/\/steanne-stpierre-portlouis.bzh\/ecole-sainte-anne\/agenda\/exposition-artistique-2\/\">Exposition artistique<\/a><\/li>\n<li><a href=\"https:\/\/steanne-stpierre-portlouis.bzh\/ecole-sainte-anne\/agenda\/rencontre-sportive\/\">Rencontre sportive<\/a><\/li>\n<li><a href=\"https:\/\/steanne-stpierre-portlouis.bzh\/ecole-sainte-anne\/agenda\/sortie-scolaire\/\">Sortie scolaire<\/a><\/li>\n<li><a href=\"https:\/\/steanne-stpierre-portlouis.bzh\/ecole-sainte-anne\/agenda\/portes-ouvertes\/\">Portes ouvertes<\/a><\/li>\n<li><a href=\"https:\/\/steanne-stpierre-portlouis.bzh\/ecole-sainte-anne\/agenda\/exposition-artistique\/\">Exposition artistique<\/a><\/li>\n<li><a href=\"https:\/\/steanne-stpierre-portlouis.bzh\/ecole-sainte-anne\/agenda\/intervention-de-la-police-municipale-pour-les-cp-et-ce-dans-le-cadre-de-la-prevention-routiere\/\">Intervention de la police municipale pour les CP et CE dans le cadre de la Pr\u00e9vention routi\u00e8re<\/a><\/li>\n<li><a href=\"https:\/\/steanne-stpierre-portlouis.bzh\/ecole-sainte-anne\/agenda\/photo-de-classe\/\">Photo de classe<\/a><\/li>\n<li><a href=\"https:\/\/steanne-stpierre-portlouis.bzh\/ecole-sainte-anne\/agenda\/repas-solidarite\/\">Repas solidarit\u00e9<\/a><\/li>\n<li><a href=\"https:\/\/steanne-stpierre-portlouis.bzh\/ecole-sainte-anne\/agenda\/musee-national-de-la-marine\/\">Mus\u00e9e national de la Marine<\/a><\/li>\n<li><a href=\"https:\/\/steanne-stpierre-portlouis.bzh\/ecole-sainte-anne\/agenda\/galerie-lephemere\/\">Galerie \"L'Eph\u00e9m\u00e8re\"<\/a><\/li>\n<li><a href=\"https:\/\/steanne-stpierre-portlouis.bzh\/ecole-sainte-anne\/agenda\/observatoire-du-plancton\/\">Observatoire du Plancton<\/a><\/li>\n<li><a href=\"https:\/\/steanne-stpierre-portlouis.bzh\/ecole-sainte-anne\/agenda\/prevention-routiere\/\">Pr\u00e9vention routi\u00e8re<\/a><\/li>\n<li><a href=\"https:\/\/steanne-stpierre-portlouis.bzh\/ecole-sainte-anne\/agenda\/portes-ouvertes-college-saint-pierre\/\">Portes ouvertes coll\u00e8ge Saint Pierre<\/a><\/li>\n<li><a href=\"https:\/\/steanne-stpierre-portlouis.bzh\/ecole-sainte-anne\/agenda\/ouverture-livreval\/\">Ouverture Livr\u00e9val<\/a><\/li>\n<li><a href=\"https:\/\/steanne-stpierre-portlouis.bzh\/ecole-sainte-anne\/agenda\/marche-de-noel\/\">March\u00e9 de No\u00ebl<\/a><\/li>\n<li><a href=\"https:\/\/steanne-stpierre-portlouis.bzh\/ecole-sainte-anne\/agenda\/spectacle-de-noel\/\">Spectacle de No\u00ebl<\/a><\/li>\n<li><a href=\"https:\/\/steanne-stpierre-portlouis.bzh\/ecole-sainte-anne\/agenda\/ecole-fermee\/\">Ecole ferm\u00e9e<\/a><\/li>\n<\/ul>\n<\/div>\n","protected":false},"excerpt":{"rendered":"","protected":false},"author":1,"featured_media":0,"parent":0,"menu_order":0,"comment_status":"closed","ping_status":"closed","template":"","meta":{"_acf_changed":false,"footnotes":""},"class_list":["post-59","page","type-page","status-publish","hentry"],"acf":[],"yoast_head":"<!-- This site is optimized with the Yoast SEO plugin v27.5 - https:\/\/yoast.com\/product\/yoast-seo-wordpress\/ -->\n<title>Plan du site - \u00c9cole Sainte-Anne<\/title>\n<meta name=\"robots\" content=\"index, follow, max-snippet:-1, max-image-preview:large, max-video-preview:-1\" \/>\n<link rel=\"canonical\" href=\"https:\/\/steanne-stpierre-portlouis.bzh\/ecole-sainte-anne\/plan-du-site\/\" \/>\n<meta property=\"og:locale\" content=\"fr_FR\" \/>\n<meta property=\"og:type\" content=\"article\" \/>\n<meta property=\"og:title\" content=\"Plan du site - \u00c9cole Sainte-Anne\" \/>\n<meta property=\"og:url\" content=\"https:\/\/steanne-stpierre-portlouis.bzh\/ecole-sainte-anne\/plan-du-site\/\" \/>\n<meta property=\"og:site_name\" content=\"\u00c9cole Sainte-Anne\" \/>\n<meta name=\"twitter:card\" content=\"summary_large_image\" \/>\n<meta name=\"twitter:label1\" content=\"Dur\u00e9e de lecture estim\u00e9e\" \/>\n\t<meta name=\"twitter:data1\" content=\"1 minute\" \/>\n<script type=\"application\/ld+json\" class=\"yoast-schema-graph\">{\"@context\":\"https:\\\/\\\/schema.org\",\"@graph\":[{\"@type\":\"WebPage\",\"@id\":\"https:\\\/\\\/steanne-stpierre-portlouis.bzh\\\/ecole-sainte-anne\\\/plan-du-site\\\/\",\"url\":\"https:\\\/\\\/steanne-stpierre-portlouis.bzh\\\/ecole-sainte-anne\\\/plan-du-site\\\/\",\"name\":\"Plan du site - \u00c9cole Sainte-Anne\",\"isPartOf\":{\"@id\":\"https:\\\/\\\/steanne-stpierre-portlouis.bzh\\\/ecole-sainte-anne\\\/#website\"},\"datePublished\":\"2021-04-26T14:11:17+00:00\",\"breadcrumb\":{\"@id\":\"https:\\\/\\\/steanne-stpierre-portlouis.bzh\\\/ecole-sainte-anne\\\/plan-du-site\\\/#breadcrumb\"},\"inLanguage\":\"fr-FR\",\"potentialAction\":[{\"@type\":\"ReadAction\",\"target\":[\"https:\\\/\\\/steanne-stpierre-portlouis.bzh\\\/ecole-sainte-anne\\\/plan-du-site\\\/\"]}]},{\"@type\":\"BreadcrumbList\",\"@id\":\"https:\\\/\\\/steanne-stpierre-portlouis.bzh\\\/ecole-sainte-anne\\\/plan-du-site\\\/#breadcrumb\",\"itemListElement\":[{\"@type\":\"ListItem\",\"position\":1,\"name\":\"Accueil\",\"item\":\"https:\\\/\\\/steanne-stpierre-portlouis.bzh\\\/ecole-sainte-anne\\\/\"},{\"@type\":\"ListItem\",\"position\":2,\"name\":\"Plan du site\"}]},{\"@type\":\"WebSite\",\"@id\":\"https:\\\/\\\/steanne-stpierre-portlouis.bzh\\\/ecole-sainte-anne\\\/#website\",\"url\":\"https:\\\/\\\/steanne-stpierre-portlouis.bzh\\\/ecole-sainte-anne\\\/\",\"name\":\"\u00c9cole Sainte-Anne\",\"description\":\"Un site utilisant Ensemble scolaire Port Louis\",\"publisher\":{\"@id\":\"https:\\\/\\\/steanne-stpierre-portlouis.bzh\\\/ecole-sainte-anne\\\/#organization\"},\"potentialAction\":[{\"@type\":\"SearchAction\",\"target\":{\"@type\":\"EntryPoint\",\"urlTemplate\":\"https:\\\/\\\/steanne-stpierre-portlouis.bzh\\\/ecole-sainte-anne\\\/?s={search_term_string}\"},\"query-input\":{\"@type\":\"PropertyValueSpecification\",\"valueRequired\":true,\"valueName\":\"search_term_string\"}}],\"inLanguage\":\"fr-FR\"},{\"@type\":\"Organization\",\"@id\":\"https:\\\/\\\/steanne-stpierre-portlouis.bzh\\\/ecole-sainte-anne\\\/#organization\",\"name\":\"\u00c9cole Sainte-Anne\",\"url\":\"https:\\\/\\\/steanne-stpierre-portlouis.bzh\\\/ecole-sainte-anne\\\/\",\"logo\":{\"@type\":\"ImageObject\",\"inLanguage\":\"fr-FR\",\"@id\":\"https:\\\/\\\/steanne-stpierre-portlouis.bzh\\\/ecole-sainte-anne\\\/#\\\/schema\\\/logo\\\/image\\\/\",\"url\":\"https:\\\/\\\/steanne-stpierre-portlouis.bzh\\\/ecole-sainte-anne\\\/wp-content\\\/uploads\\\/sites\\\/2\\\/2021\\\/05\\\/logo-steanne.png\",\"contentUrl\":\"https:\\\/\\\/steanne-stpierre-portlouis.bzh\\\/ecole-sainte-anne\\\/wp-content\\\/uploads\\\/sites\\\/2\\\/2021\\\/05\\\/logo-steanne.png\",\"width\":246,\"height\":187,\"caption\":\"\u00c9cole Sainte-Anne\"},\"image\":{\"@id\":\"https:\\\/\\\/steanne-stpierre-portlouis.bzh\\\/ecole-sainte-anne\\\/#\\\/schema\\\/logo\\\/image\\\/\"}}]}<\/script>\n<!-- \/ Yoast SEO plugin. -->","yoast_head_json":{"title":"Plan du site - \u00c9cole Sainte-Anne","robots":{"index":"index","follow":"follow","max-snippet":"max-snippet:-1","max-image-preview":"max-image-preview:large","max-video-preview":"max-video-preview:-1"},"canonical":"https:\/\/steanne-stpierre-portlouis.bzh\/ecole-sainte-anne\/plan-du-site\/","og_locale":"fr_FR","og_type":"article","og_title":"Plan du site - \u00c9cole Sainte-Anne","og_url":"https:\/\/steanne-stpierre-portlouis.bzh\/ecole-sainte-anne\/plan-du-site\/","og_site_name":"\u00c9cole Sainte-Anne","twitter_card":"summary_large_image","twitter_misc":{"Dur\u00e9e de lecture estim\u00e9e":"1 minute"},"schema":{"@context":"https:\/\/schema.org","@graph":[{"@type":"WebPage","@id":"https:\/\/steanne-stpierre-portlouis.bzh\/ecole-sainte-anne\/plan-du-site\/","url":"https:\/\/steanne-stpierre-portlouis.bzh\/ecole-sainte-anne\/plan-du-site\/","name":"Plan du site - \u00c9cole Sainte-Anne","isPartOf":{"@id":"https:\/\/steanne-stpierre-portlouis.bzh\/ecole-sainte-anne\/#website"},"datePublished":"2021-04-26T14:11:17+00:00","breadcrumb":{"@id":"https:\/\/steanne-stpierre-portlouis.bzh\/ecole-sainte-anne\/plan-du-site\/#breadcrumb"},"inLanguage":"fr-FR","potentialAction":[{"@type":"ReadAction","target":["https:\/\/steanne-stpierre-portlouis.bzh\/ecole-sainte-anne\/plan-du-site\/"]}]},{"@type":"BreadcrumbList","@id":"https:\/\/steanne-stpierre-portlouis.bzh\/ecole-sainte-anne\/plan-du-site\/#breadcrumb","itemListElement":[{"@type":"ListItem","position":1,"name":"Accueil","item":"https:\/\/steanne-stpierre-portlouis.bzh\/ecole-sainte-anne\/"},{"@type":"ListItem","position":2,"name":"Plan du site"}]},{"@type":"WebSite","@id":"https:\/\/steanne-stpierre-portlouis.bzh\/ecole-sainte-anne\/#website","url":"https:\/\/steanne-stpierre-portlouis.bzh\/ecole-sainte-anne\/","name":"\u00c9cole Sainte-Anne","description":"Un site utilisant Ensemble scolaire Port Louis","publisher":{"@id":"https:\/\/steanne-stpierre-portlouis.bzh\/ecole-sainte-anne\/#organization"},"potentialAction":[{"@type":"SearchAction","target":{"@type":"EntryPoint","urlTemplate":"https:\/\/steanne-stpierre-portlouis.bzh\/ecole-sainte-anne\/?s={search_term_string}"},"query-input":{"@type":"PropertyValueSpecification","valueRequired":true,"valueName":"search_term_string"}}],"inLanguage":"fr-FR"},{"@type":"Organization","@id":"https:\/\/steanne-stpierre-portlouis.bzh\/ecole-sainte-anne\/#organization","name":"\u00c9cole Sainte-Anne","url":"https:\/\/steanne-stpierre-portlouis.bzh\/ecole-sainte-anne\/","logo":{"@type":"ImageObject","inLanguage":"fr-FR","@id":"https:\/\/steanne-stpierre-portlouis.bzh\/ecole-sainte-anne\/#\/schema\/logo\/image\/","url":"https:\/\/steanne-stpierre-portlouis.bzh\/ecole-sainte-anne\/wp-content\/uploads\/sites\/2\/2021\/05\/logo-steanne.png","contentUrl":"https:\/\/steanne-stpierre-portlouis.bzh\/ecole-sainte-anne\/wp-content\/uploads\/sites\/2\/2021\/05\/logo-steanne.png","width":246,"height":187,"caption":"\u00c9cole Sainte-Anne"},"image":{"@id":"https:\/\/steanne-stpierre-portlouis.bzh\/ecole-sainte-anne\/#\/schema\/logo\/image\/"}}]}},"_links":{"self":[{"href":"https:\/\/steanne-stpierre-portlouis.bzh\/ecole-sainte-anne\/wp-json\/wp\/v2\/pages\/59","targetHints":{"allow":["GET"]}}],"collection":[{"href":"https:\/\/steanne-stpierre-portlouis.bzh\/ecole-sainte-anne\/wp-json\/wp\/v2\/pages"}],"about":[{"href":"https:\/\/steanne-stpierre-portlouis.bzh\/ecole-sainte-anne\/wp-json\/wp\/v2\/types\/page"}],"author":[{"embeddable":true,"href":"https:\/\/steanne-stpierre-portlouis.bzh\/ecole-sainte-anne\/wp-json\/wp\/v2\/users\/1"}],"replies":[{"embeddable":true,"href":"https:\/\/steanne-stpierre-portlouis.bzh\/ecole-sainte-anne\/wp-json\/wp\/v2\/comments?post=59"}],"version-history":[{"count":1,"href":"https:\/\/steanne-stpierre-portlouis.bzh\/ecole-sainte-anne\/wp-json\/wp\/v2\/pages\/59\/revisions"}],"predecessor-version":[{"id":60,"href":"https:\/\/steanne-stpierre-portlouis.bzh\/ecole-sainte-anne\/wp-json\/wp\/v2\/pages\/59\/revisions\/60"}],"wp:attachment":[{"href":"https:\/\/steanne-stpierre-portlouis.bzh\/ecole-sainte-anne\/wp-json\/wp\/v2\/media?parent=59"}],"curies":[{"name":"wp","href":"https:\/\/api.w.org\/{rel}","templated":true}]}}